{"id":2794,"date":"2024-12-29T21:23:26","date_gmt":"2024-12-29T20:23:26","guid":{"rendered":"https:\/\/o-grenier-a-sel.com\/?page_id=2794"},"modified":"2025-01-03T11:31:26","modified_gmt":"2025-01-03T10:31:26","slug":"appartement-les-arts-danse","status":"publish","type":"page","link":"https:\/\/o-grenier-a-sel.com\/en\/appartement-les-arts-danse\/","title":{"rendered":"Les arts\u00a0: Danse"},"content":{"rendered":"<div data-elementor-type=\"wp-page\" data-elementor-id=\"2794\" class=\"elementor elementor-2794\">\n\t\t\t\t\t\t<section class=\"elementor-section elementor-top-section elementor-element elementor-element-2977c87c elementor-section-height-min-height cs-section-content-fullwidth cs-parallax-on-scroll cs_scroll_y_80 elementor-section-boxed elementor-section-height-default elementor-section-items-middle\" data-id=\"2977c87c\" data-element_type=\"section\" data-e-type=\"section\" data-settings=\"{&quot;background_background&quot;:&quot;classic&quot;}\" data-cs-parallax-y=\"80\" style=\"background-image: none;\" data-cs-background-image=\"https:\/\/o-grenier-a-sel.com\/wp-content\/uploads\/2024\/10\/appartement-1-le-puy-en-velay-salon-2-scaled.webp\" data-cs-background-image-alt-text=\"\">\n\t\t\t\t\t\t\t<div class=\"elementor-background-overlay\"><\/div>\n\t\t\t\t\t\t\t<div class=\"elementor-container elementor-column-gap-no\">\n\t\t\t\t\t<div class=\"elementor-column elementor-col-100 elementor-top-column elementor-element elementor-element-784d8ad dark-color\" data-id=\"784d8ad\" data-element_type=\"column\" data-e-type=\"column\">\n\t\t\t<div class=\"elementor-widget-wrap elementor-element-populated\">\n\t\t\t\t\t\t<div class=\"elementor-element elementor-element-1a64c3d7 elementor-widget elementor-widget-cs_title\" data-id=\"1a64c3d7\" data-element_type=\"widget\" data-e-type=\"widget\" data-widget_type=\"cs_title.default\">\n\t\t\t\t<div class=\"elementor-widget-container\">\n\t\t\t\t\t\n        <div class=\"cs-title-wrap text-center\">\t            <h1 class=\"cs-title\">\n\t                Les arts&nbsp;: Danse\t            <\/h1>\t            <div class=\"cs-title-text\">\n\t                <p>\u00ab\u00a0L&rsquo;art n&rsquo;existe que pour communiquer un message spirituel.\u00a0\u00bb Mucha<\/p><p>La belle \u00e9poque : un si\u00e8cle en \u00e9moi<\/p>\t            <\/div>        <\/div>\t\t\t\t<\/div>\n\t\t\t\t<\/div>\n\t\t\t\t\t<\/div>\n\t\t<\/div>\n\t\t\t\t\t<\/div>\n\t\t<\/section>\n\t\t\t\t<section class=\"elementor-section elementor-top-section elementor-element elementor-element-95108ce elementor-section-boxed elementor-section-height-default elementor-section-height-default\" data-id=\"95108ce\" data-element_type=\"section\" data-e-type=\"section\">\n\t\t\t\t\t\t<div class=\"elementor-container elementor-column-gap-extended\">\n\t\t\t\t\t<div class=\"elementor-column elementor-col-50 elementor-top-column elementor-element elementor-element-413f5c8\" data-id=\"413f5c8\" data-element_type=\"column\" data-e-type=\"column\">\n\t\t\t<div class=\"elementor-widget-wrap elementor-element-populated\">\n\t\t\t\t\t\t<div class=\"elementor-element elementor-element-4af5213 elementor-widget elementor-widget-cs_title\" data-id=\"4af5213\" data-element_type=\"widget\" data-e-type=\"widget\" data-widget_type=\"cs_title.default\">\n\t\t\t\t<div class=\"elementor-widget-container\">\n\t\t\t\t\t\n        <div class=\"cs-title-wrap text-left\">\t            <div class=\"cs-title-text\">\n\t                <p>Press the latch, push the heavy ancient door\u2026<\/p><p>and find yourself immersed in a cozy atmosphere, a revisited Belle \u00c9poque.<\/p>\t            <\/div>        <\/div>\t\t\t\t<\/div>\n\t\t\t\t<\/div>\n\t\t\t\t\t<\/div>\n\t\t<\/div>\n\t\t\t\t<div class=\"elementor-column elementor-col-50 elementor-top-column elementor-element elementor-element-ba45ab6\" data-id=\"ba45ab6\" data-element_type=\"column\" data-e-type=\"column\">\n\t\t\t<div class=\"elementor-widget-wrap elementor-element-populated\">\n\t\t\t\t\t\t<div class=\"elementor-element elementor-element-60d1852 elementor-widget elementor-widget-image\" data-id=\"60d1852\" data-element_type=\"widget\" data-e-type=\"widget\" data-widget_type=\"image.default\">\n\t\t\t\t<div class=\"elementor-widget-container\">\n\t\t\t\t\t\t\t\t\t\t\t\t\t\t\t<img fetchpriority=\"high\" decoding=\"async\" width=\"573\" height=\"1024\" src=\"https:\/\/o-grenier-a-sel.com\/wp-content\/uploads\/2024\/10\/appartement-1-le-puy-en-velay-entree-573x1024.webp\" class=\"attachment-large size-large wp-image-1832\" alt=\"appartement 1 le puy en velay entr\u00e9e\" srcset=\"https:\/\/o-grenier-a-sel.com\/wp-content\/uploads\/2024\/10\/appartement-1-le-puy-en-velay-entree-573x1024.webp 573w, https:\/\/o-grenier-a-sel.com\/wp-content\/uploads\/2024\/10\/appartement-1-le-puy-en-velay-entree-168x300.webp 168w, https:\/\/o-grenier-a-sel.com\/wp-content\/uploads\/2024\/10\/appartement-1-le-puy-en-velay-entree-768x1373.webp 768w, https:\/\/o-grenier-a-sel.com\/wp-content\/uploads\/2024\/10\/appartement-1-le-puy-en-velay-entree-859x1536.webp 859w, https:\/\/o-grenier-a-sel.com\/wp-content\/uploads\/2024\/10\/appartement-1-le-puy-en-velay-entree-1146x2048.webp 1146w, https:\/\/o-grenier-a-sel.com\/wp-content\/uploads\/2024\/10\/appartement-1-le-puy-en-velay-entree-1920x3431.webp 1920w, https:\/\/o-grenier-a-sel.com\/wp-content\/uploads\/2024\/10\/appartement-1-le-puy-en-velay-entree-1440x2574.webp 1440w, https:\/\/o-grenier-a-sel.com\/wp-content\/uploads\/2024\/10\/appartement-1-le-puy-en-velay-entree-1200x2145.webp 1200w, https:\/\/o-grenier-a-sel.com\/wp-content\/uploads\/2024\/10\/appartement-1-le-puy-en-velay-entree-780x1394.webp 780w, https:\/\/o-grenier-a-sel.com\/wp-content\/uploads\/2024\/10\/appartement-1-le-puy-en-velay-entree-600x1072.webp 600w, https:\/\/o-grenier-a-sel.com\/wp-content\/uploads\/2024\/10\/appartement-1-le-puy-en-velay-entree-550x983.webp 550w, https:\/\/o-grenier-a-sel.com\/wp-content\/uploads\/2024\/10\/appartement-1-le-puy-en-velay-entree-370x661.webp 370w, https:\/\/o-grenier-a-sel.com\/wp-content\/uploads\/2024\/10\/appartement-1-le-puy-en-velay-entree-255x456.webp 255w, https:\/\/o-grenier-a-sel.com\/wp-content\/uploads\/2024\/10\/appartement-1-le-puy-en-velay-entree-84x150.webp 84w, https:\/\/o-grenier-a-sel.com\/wp-content\/uploads\/2024\/10\/appartement-1-le-puy-en-velay-entree-scaled.webp 1432w\" sizes=\"(max-width: 573px) 100vw, 573px\" \/>\t\t\t\t\t\t\t\t\t\t\t\t\t\t\t<\/div>\n\t\t\t\t<\/div>\n\t\t\t\t\t<\/div>\n\t\t<\/div>\n\t\t\t\t\t<\/div>\n\t\t<\/section>\n\t\t\t\t<section class=\"elementor-section elementor-top-section elementor-element elementor-element-f6b9817 elementor-reverse-mobile elementor-section-boxed elementor-section-height-default elementor-section-height-default\" data-id=\"f6b9817\" data-element_type=\"section\" data-e-type=\"section\">\n\t\t\t\t\t\t<div class=\"elementor-container elementor-column-gap-extended\">\n\t\t\t\t\t<div class=\"elementor-column elementor-col-50 elementor-top-column elementor-element elementor-element-4b9b172\" data-id=\"4b9b172\" data-element_type=\"column\" data-e-type=\"column\">\n\t\t\t<div class=\"elementor-widget-wrap elementor-element-populated\">\n\t\t\t\t\t\t<div class=\"elementor-element elementor-element-8556067 elementor-widget elementor-widget-image\" data-id=\"8556067\" data-element_type=\"widget\" data-e-type=\"widget\" data-widget_type=\"image.default\">\n\t\t\t\t<div class=\"elementor-widget-container\">\n\t\t\t\t\t\t\t\t\t\t\t\t\t\t\t<img decoding=\"async\" width=\"1024\" height=\"576\" src=\"https:\/\/o-grenier-a-sel.com\/wp-content\/uploads\/2024\/10\/appartement-1-le-puy-en-velay-1024x576.webp\" class=\"attachment-large size-large wp-image-1819\" alt=\"appartement 1 le puy en velay\" srcset=\"https:\/\/o-grenier-a-sel.com\/wp-content\/uploads\/2024\/10\/appartement-1-le-puy-en-velay-1024x576.webp 1024w, https:\/\/o-grenier-a-sel.com\/wp-content\/uploads\/2024\/10\/appartement-1-le-puy-en-velay-300x169.webp 300w, https:\/\/o-grenier-a-sel.com\/wp-content\/uploads\/2024\/10\/appartement-1-le-puy-en-velay-768x432.webp 768w, https:\/\/o-grenier-a-sel.com\/wp-content\/uploads\/2024\/10\/appartement-1-le-puy-en-velay-1536x864.webp 1536w, https:\/\/o-grenier-a-sel.com\/wp-content\/uploads\/2024\/10\/appartement-1-le-puy-en-velay-2048x1152.webp 2048w, https:\/\/o-grenier-a-sel.com\/wp-content\/uploads\/2024\/10\/appartement-1-le-puy-en-velay-1920x1080.webp 1920w, https:\/\/o-grenier-a-sel.com\/wp-content\/uploads\/2024\/10\/appartement-1-le-puy-en-velay-1440x810.webp 1440w, https:\/\/o-grenier-a-sel.com\/wp-content\/uploads\/2024\/10\/appartement-1-le-puy-en-velay-1200x675.webp 1200w, https:\/\/o-grenier-a-sel.com\/wp-content\/uploads\/2024\/10\/appartement-1-le-puy-en-velay-780x439.webp 780w, https:\/\/o-grenier-a-sel.com\/wp-content\/uploads\/2024\/10\/appartement-1-le-puy-en-velay-600x338.webp 600w, https:\/\/o-grenier-a-sel.com\/wp-content\/uploads\/2024\/10\/appartement-1-le-puy-en-velay-550x309.webp 550w, https:\/\/o-grenier-a-sel.com\/wp-content\/uploads\/2024\/10\/appartement-1-le-puy-en-velay-370x208.webp 370w, https:\/\/o-grenier-a-sel.com\/wp-content\/uploads\/2024\/10\/appartement-1-le-puy-en-velay-255x143.webp 255w, https:\/\/o-grenier-a-sel.com\/wp-content\/uploads\/2024\/10\/appartement-1-le-puy-en-velay-150x84.webp 150w\" sizes=\"(max-width: 1024px) 100vw, 1024px\" \/>\t\t\t\t\t\t\t\t\t\t\t\t\t\t\t<\/div>\n\t\t\t\t<\/div>\n\t\t\t\t\t<\/div>\n\t\t<\/div>\n\t\t\t\t<div class=\"elementor-column elementor-col-50 elementor-top-column elementor-element elementor-element-34b315f\" data-id=\"34b315f\" data-element_type=\"column\" data-e-type=\"column\">\n\t\t\t<div class=\"elementor-widget-wrap elementor-element-populated\">\n\t\t\t\t\t\t<div class=\"elementor-element elementor-element-80ff5a6 elementor-widget elementor-widget-cs_title\" data-id=\"80ff5a6\" data-element_type=\"widget\" data-e-type=\"widget\" data-widget_type=\"cs_title.default\">\n\t\t\t\t<div class=\"elementor-widget-container\">\n\t\t\t\t\t\n        <div class=\"cs-title-wrap text-left\">\t            <div class=\"cs-title-text\">\n\t                <p>You discover the kitchen area, which opens onto the adjoining living room, with large windows that fill the space with natural light.<\/p>\t            <\/div>        <\/div>\t\t\t\t<\/div>\n\t\t\t\t<\/div>\n\t\t\t\t\t<\/div>\n\t\t<\/div>\n\t\t\t\t\t<\/div>\n\t\t<\/section>\n\t\t\t\t<section class=\"elementor-section elementor-top-section elementor-element elementor-element-3823be0 elementor-section-boxed elementor-section-height-default elementor-section-height-default\" data-id=\"3823be0\" data-element_type=\"section\" data-e-type=\"section\">\n\t\t\t\t\t\t<div class=\"elementor-container elementor-column-gap-extended\">\n\t\t\t\t\t<div class=\"elementor-column elementor-col-33 elementor-top-column elementor-element elementor-element-ca60be9\" data-id=\"ca60be9\" data-element_type=\"column\" data-e-type=\"column\">\n\t\t\t<div class=\"elementor-widget-wrap elementor-element-populated\">\n\t\t\t\t\t\t<div class=\"elementor-element elementor-element-449c776 elementor-widget elementor-widget-cs_title\" data-id=\"449c776\" data-element_type=\"widget\" data-e-type=\"widget\" data-widget_type=\"cs_title.default\">\n\t\t\t\t<div class=\"elementor-widget-container\">\n\t\t\t\t\t\n        <div class=\"cs-title-wrap text-left\">\t            <div class=\"cs-title-text\">\n\t                <p>A painting inspired by the work of Mucha, which gives its name to this characterful place, along with several subtle decorative and design touches, evokes the 1900s.<\/p><p>Omnipresent mirrors help create a sense of space, while the marble fireplace with its 19th-century moldings and the large crystal chandeliers accentuate the room.<\/p>\t            <\/div>        <\/div>\t\t\t\t<\/div>\n\t\t\t\t<\/div>\n\t\t\t\t\t<\/div>\n\t\t<\/div>\n\t\t\t\t<div class=\"elementor-column elementor-col-33 elementor-top-column elementor-element elementor-element-44e8839\" data-id=\"44e8839\" data-element_type=\"column\" data-e-type=\"column\">\n\t\t\t<div class=\"elementor-widget-wrap elementor-element-populated\">\n\t\t\t\t\t\t<div class=\"elementor-element elementor-element-fde413f elementor-widget elementor-widget-image\" data-id=\"fde413f\" data-element_type=\"widget\" data-e-type=\"widget\" data-widget_type=\"image.default\">\n\t\t\t\t<div class=\"elementor-widget-container\">\n\t\t\t\t\t\t\t\t\t\t\t\t\t\t\t<img decoding=\"async\" width=\"576\" height=\"1024\" src=\"https:\/\/o-grenier-a-sel.com\/wp-content\/uploads\/2024\/10\/appartement-1-le-puy-en-velay-salon-576x1024.webp\" class=\"attachment-large size-large wp-image-1822\" alt=\"appartement 1 le puy en velay salon\" srcset=\"https:\/\/o-grenier-a-sel.com\/wp-content\/uploads\/2024\/10\/appartement-1-le-puy-en-velay-salon-576x1024.webp 576w, https:\/\/o-grenier-a-sel.com\/wp-content\/uploads\/2024\/10\/appartement-1-le-puy-en-velay-salon-169x300.webp 169w, https:\/\/o-grenier-a-sel.com\/wp-content\/uploads\/2024\/10\/appartement-1-le-puy-en-velay-salon-768x1365.webp 768w, https:\/\/o-grenier-a-sel.com\/wp-content\/uploads\/2024\/10\/appartement-1-le-puy-en-velay-salon-864x1536.webp 864w, https:\/\/o-grenier-a-sel.com\/wp-content\/uploads\/2024\/10\/appartement-1-le-puy-en-velay-salon-1152x2048.webp 1152w, https:\/\/o-grenier-a-sel.com\/wp-content\/uploads\/2024\/10\/appartement-1-le-puy-en-velay-salon-1920x3413.webp 1920w, https:\/\/o-grenier-a-sel.com\/wp-content\/uploads\/2024\/10\/appartement-1-le-puy-en-velay-salon-scaled.webp 1440w, https:\/\/o-grenier-a-sel.com\/wp-content\/uploads\/2024\/10\/appartement-1-le-puy-en-velay-salon-1200x2133.webp 1200w, https:\/\/o-grenier-a-sel.com\/wp-content\/uploads\/2024\/10\/appartement-1-le-puy-en-velay-salon-780x1387.webp 780w, https:\/\/o-grenier-a-sel.com\/wp-content\/uploads\/2024\/10\/appartement-1-le-puy-en-velay-salon-600x1067.webp 600w, https:\/\/o-grenier-a-sel.com\/wp-content\/uploads\/2024\/10\/appartement-1-le-puy-en-velay-salon-550x978.webp 550w, https:\/\/o-grenier-a-sel.com\/wp-content\/uploads\/2024\/10\/appartement-1-le-puy-en-velay-salon-370x658.webp 370w, https:\/\/o-grenier-a-sel.com\/wp-content\/uploads\/2024\/10\/appartement-1-le-puy-en-velay-salon-255x453.webp 255w, https:\/\/o-grenier-a-sel.com\/wp-content\/uploads\/2024\/10\/appartement-1-le-puy-en-velay-salon-84x150.webp 84w\" sizes=\"(max-width: 576px) 100vw, 576px\" \/>\t\t\t\t\t\t\t\t\t\t\t\t\t\t\t<\/div>\n\t\t\t\t<\/div>\n\t\t\t\t\t<\/div>\n\t\t<\/div>\n\t\t\t\t<div class=\"elementor-column elementor-col-33 elementor-top-column elementor-element elementor-element-393b510\" data-id=\"393b510\" data-element_type=\"column\" data-e-type=\"column\">\n\t\t\t<div class=\"elementor-widget-wrap elementor-element-populated\">\n\t\t\t\t\t\t<div class=\"elementor-element elementor-element-b45b56e elementor-widget elementor-widget-image\" data-id=\"b45b56e\" data-element_type=\"widget\" data-e-type=\"widget\" data-widget_type=\"image.default\">\n\t\t\t\t<div class=\"elementor-widget-container\">\n\t\t\t\t\t\t\t\t\t\t\t\t\t\t\t<img loading=\"lazy\" decoding=\"async\" width=\"766\" height=\"1024\" src=\"https:\/\/o-grenier-a-sel.com\/wp-content\/uploads\/2024\/10\/appartement-1-le-puy-en-velay-salon-2-766x1024.webp\" class=\"attachment-large size-large wp-image-2262\" alt=\"\" srcset=\"https:\/\/o-grenier-a-sel.com\/wp-content\/uploads\/2024\/10\/appartement-1-le-puy-en-velay-salon-2-766x1024.webp 766w, https:\/\/o-grenier-a-sel.com\/wp-content\/uploads\/2024\/10\/appartement-1-le-puy-en-velay-salon-2-224x300.webp 224w, https:\/\/o-grenier-a-sel.com\/wp-content\/uploads\/2024\/10\/appartement-1-le-puy-en-velay-salon-2-768x1027.webp 768w, https:\/\/o-grenier-a-sel.com\/wp-content\/uploads\/2024\/10\/appartement-1-le-puy-en-velay-salon-2-1149x1536.webp 1149w, https:\/\/o-grenier-a-sel.com\/wp-content\/uploads\/2024\/10\/appartement-1-le-puy-en-velay-salon-2-1532x2048.webp 1532w, https:\/\/o-grenier-a-sel.com\/wp-content\/uploads\/2024\/10\/appartement-1-le-puy-en-velay-salon-2-1920x2567.webp 1920w, https:\/\/o-grenier-a-sel.com\/wp-content\/uploads\/2024\/10\/appartement-1-le-puy-en-velay-salon-2-1440x1925.webp 1440w, https:\/\/o-grenier-a-sel.com\/wp-content\/uploads\/2024\/10\/appartement-1-le-puy-en-velay-salon-2-1200x1604.webp 1200w, https:\/\/o-grenier-a-sel.com\/wp-content\/uploads\/2024\/10\/appartement-1-le-puy-en-velay-salon-2-780x1043.webp 780w, https:\/\/o-grenier-a-sel.com\/wp-content\/uploads\/2024\/10\/appartement-1-le-puy-en-velay-salon-2-600x802.webp 600w, https:\/\/o-grenier-a-sel.com\/wp-content\/uploads\/2024\/10\/appartement-1-le-puy-en-velay-salon-2-550x735.webp 550w, https:\/\/o-grenier-a-sel.com\/wp-content\/uploads\/2024\/10\/appartement-1-le-puy-en-velay-salon-2-370x495.webp 370w, https:\/\/o-grenier-a-sel.com\/wp-content\/uploads\/2024\/10\/appartement-1-le-puy-en-velay-salon-2-255x341.webp 255w, https:\/\/o-grenier-a-sel.com\/wp-content\/uploads\/2024\/10\/appartement-1-le-puy-en-velay-salon-2-112x150.webp 112w, https:\/\/o-grenier-a-sel.com\/wp-content\/uploads\/2024\/10\/appartement-1-le-puy-en-velay-salon-2-scaled.webp 1915w\" sizes=\"(max-width: 766px) 100vw, 766px\" \/>\t\t\t\t\t\t\t\t\t\t\t\t\t\t\t<\/div>\n\t\t\t\t<\/div>\n\t\t\t\t\t<\/div>\n\t\t<\/div>\n\t\t\t\t\t<\/div>\n\t\t<\/section>\n\t\t\t\t<section class=\"elementor-section elementor-top-section elementor-element elementor-element-950f5e4 elementor-reverse-mobile elementor-section-boxed elementor-section-height-default elementor-section-height-default\" data-id=\"950f5e4\" data-element_type=\"section\" data-e-type=\"section\">\n\t\t\t\t\t\t<div class=\"elementor-container elementor-column-gap-extended\">\n\t\t\t\t\t<div class=\"elementor-column elementor-col-50 elementor-top-column elementor-element elementor-element-d083fe8\" data-id=\"d083fe8\" data-element_type=\"column\" data-e-type=\"column\">\n\t\t\t<div class=\"elementor-widget-wrap elementor-element-populated\">\n\t\t\t\t\t\t<div class=\"elementor-element elementor-element-b9f74bf elementor-widget elementor-widget-image\" data-id=\"b9f74bf\" data-element_type=\"widget\" data-e-type=\"widget\" data-widget_type=\"image.default\">\n\t\t\t\t<div class=\"elementor-widget-container\">\n\t\t\t\t\t\t\t\t\t\t\t\t\t\t\t<img loading=\"lazy\" decoding=\"async\" width=\"576\" height=\"1024\" src=\"https:\/\/o-grenier-a-sel.com\/wp-content\/uploads\/2024\/10\/appartement-1-le-puy-en-velay-bureau-576x1024.webp\" class=\"attachment-large size-large wp-image-1830\" alt=\"appartement 1 le puy en velay bureau\" srcset=\"https:\/\/o-grenier-a-sel.com\/wp-content\/uploads\/2024\/10\/appartement-1-le-puy-en-velay-bureau-576x1024.webp 576w, https:\/\/o-grenier-a-sel.com\/wp-content\/uploads\/2024\/10\/appartement-1-le-puy-en-velay-bureau-169x300.webp 169w, https:\/\/o-grenier-a-sel.com\/wp-content\/uploads\/2024\/10\/appartement-1-le-puy-en-velay-bureau-768x1365.webp 768w, https:\/\/o-grenier-a-sel.com\/wp-content\/uploads\/2024\/10\/appartement-1-le-puy-en-velay-bureau-864x1536.webp 864w, https:\/\/o-grenier-a-sel.com\/wp-content\/uploads\/2024\/10\/appartement-1-le-puy-en-velay-bureau-1152x2048.webp 1152w, https:\/\/o-grenier-a-sel.com\/wp-content\/uploads\/2024\/10\/appartement-1-le-puy-en-velay-bureau-1920x3413.webp 1920w, https:\/\/o-grenier-a-sel.com\/wp-content\/uploads\/2024\/10\/appartement-1-le-puy-en-velay-bureau-scaled.webp 1440w, https:\/\/o-grenier-a-sel.com\/wp-content\/uploads\/2024\/10\/appartement-1-le-puy-en-velay-bureau-1200x2133.webp 1200w, https:\/\/o-grenier-a-sel.com\/wp-content\/uploads\/2024\/10\/appartement-1-le-puy-en-velay-bureau-780x1387.webp 780w, https:\/\/o-grenier-a-sel.com\/wp-content\/uploads\/2024\/10\/appartement-1-le-puy-en-velay-bureau-600x1067.webp 600w, https:\/\/o-grenier-a-sel.com\/wp-content\/uploads\/2024\/10\/appartement-1-le-puy-en-velay-bureau-550x978.webp 550w, https:\/\/o-grenier-a-sel.com\/wp-content\/uploads\/2024\/10\/appartement-1-le-puy-en-velay-bureau-370x658.webp 370w, https:\/\/o-grenier-a-sel.com\/wp-content\/uploads\/2024\/10\/appartement-1-le-puy-en-velay-bureau-255x453.webp 255w, https:\/\/o-grenier-a-sel.com\/wp-content\/uploads\/2024\/10\/appartement-1-le-puy-en-velay-bureau-84x150.webp 84w\" sizes=\"(max-width: 576px) 100vw, 576px\" \/>\t\t\t\t\t\t\t\t\t\t\t\t\t\t\t<\/div>\n\t\t\t\t<\/div>\n\t\t\t\t\t<\/div>\n\t\t<\/div>\n\t\t\t\t<div class=\"elementor-column elementor-col-50 elementor-top-column elementor-element elementor-element-86312dd\" data-id=\"86312dd\" data-element_type=\"column\" data-e-type=\"column\">\n\t\t\t<div class=\"elementor-widget-wrap elementor-element-populated\">\n\t\t\t\t\t\t<div class=\"elementor-element elementor-element-7566009 elementor-widget elementor-widget-cs_title\" data-id=\"7566009\" data-element_type=\"widget\" data-e-type=\"widget\" data-widget_type=\"cs_title.default\">\n\t\t\t\t<div class=\"elementor-widget-container\">\n\t\t\t\t\t\n        <div class=\"cs-title-wrap text-left\">\t            <div class=\"cs-title-text\">\n\t                <p>The office corner, set up behind a glass partition, allows you to stay connected and work with free Wi-Fi, while taking moments to enjoy the surroundings.<\/p>\t            <\/div>        <\/div>\t\t\t\t<\/div>\n\t\t\t\t<\/div>\n\t\t\t\t\t<\/div>\n\t\t<\/div>\n\t\t\t\t\t<\/div>\n\t\t<\/section>\n\t\t\t\t<section class=\"elementor-section elementor-top-section elementor-element elementor-element-fabb341 elementor-section-boxed elementor-section-height-default elementor-section-height-default\" data-id=\"fabb341\" data-element_type=\"section\" data-e-type=\"section\">\n\t\t\t\t\t\t<div class=\"elementor-container elementor-column-gap-extended\">\n\t\t\t\t\t<div class=\"elementor-column elementor-col-50 elementor-top-column elementor-element elementor-element-c835616\" data-id=\"c835616\" data-element_type=\"column\" data-e-type=\"column\">\n\t\t\t<div class=\"elementor-widget-wrap elementor-element-populated\">\n\t\t\t\t\t\t<div class=\"elementor-element elementor-element-d4fe45c elementor-widget elementor-widget-cs_title\" data-id=\"d4fe45c\" data-element_type=\"widget\" data-e-type=\"widget\" data-widget_type=\"cs_title.default\">\n\t\t\t\t<div class=\"elementor-widget-container\">\n\t\t\t\t\t\n        <div class=\"cs-title-wrap text-left\">\t            <div class=\"cs-title-text\">\n\t                <p>The bathroom, with its walls adorned in black and white marble decor and fixtures in aged copper tones, stays true to the apartment's style while offering a space with dual sinks and a spacious walk-in shower.\u00a0<\/p><p>Even the WC, properly separated, testifies to the fact that every corner of this apartment has been decorated with care.<\/p>\t            <\/div>        <\/div>\t\t\t\t<\/div>\n\t\t\t\t<\/div>\n\t\t\t\t\t<\/div>\n\t\t<\/div>\n\t\t\t\t<div class=\"elementor-column elementor-col-50 elementor-top-column elementor-element elementor-element-884cc32\" data-id=\"884cc32\" data-element_type=\"column\" data-e-type=\"column\">\n\t\t\t<div class=\"elementor-widget-wrap elementor-element-populated\">\n\t\t\t\t\t\t<div class=\"elementor-element elementor-element-fb9b374 elementor-widget elementor-widget-image\" data-id=\"fb9b374\" data-element_type=\"widget\" data-e-type=\"widget\" data-widget_type=\"image.default\">\n\t\t\t\t<div class=\"elementor-widget-container\">\n\t\t\t\t\t\t\t\t\t\t\t\t\t\t\t<img loading=\"lazy\" decoding=\"async\" width=\"1024\" height=\"768\" src=\"https:\/\/o-grenier-a-sel.com\/wp-content\/uploads\/2024\/10\/appartement-1-le-puy-en-velay-salle-de-bain-2-1024x768.webp\" class=\"attachment-large size-large wp-image-2261\" alt=\"\" srcset=\"https:\/\/o-grenier-a-sel.com\/wp-content\/uploads\/2024\/10\/appartement-1-le-puy-en-velay-salle-de-bain-2-1024x768.webp 1024w, https:\/\/o-grenier-a-sel.com\/wp-content\/uploads\/2024\/10\/appartement-1-le-puy-en-velay-salle-de-bain-2-300x225.webp 300w, https:\/\/o-grenier-a-sel.com\/wp-content\/uploads\/2024\/10\/appartement-1-le-puy-en-velay-salle-de-bain-2-768x576.webp 768w, https:\/\/o-grenier-a-sel.com\/wp-content\/uploads\/2024\/10\/appartement-1-le-puy-en-velay-salle-de-bain-2-1536x1152.webp 1536w, https:\/\/o-grenier-a-sel.com\/wp-content\/uploads\/2024\/10\/appartement-1-le-puy-en-velay-salle-de-bain-2-2048x1536.webp 2048w, https:\/\/o-grenier-a-sel.com\/wp-content\/uploads\/2024\/10\/appartement-1-le-puy-en-velay-salle-de-bain-2-1920x1440.webp 1920w, https:\/\/o-grenier-a-sel.com\/wp-content\/uploads\/2024\/10\/appartement-1-le-puy-en-velay-salle-de-bain-2-1440x1080.webp 1440w, https:\/\/o-grenier-a-sel.com\/wp-content\/uploads\/2024\/10\/appartement-1-le-puy-en-velay-salle-de-bain-2-1200x900.webp 1200w, https:\/\/o-grenier-a-sel.com\/wp-content\/uploads\/2024\/10\/appartement-1-le-puy-en-velay-salle-de-bain-2-780x585.webp 780w, https:\/\/o-grenier-a-sel.com\/wp-content\/uploads\/2024\/10\/appartement-1-le-puy-en-velay-salle-de-bain-2-600x450.webp 600w, https:\/\/o-grenier-a-sel.com\/wp-content\/uploads\/2024\/10\/appartement-1-le-puy-en-velay-salle-de-bain-2-550x413.webp 550w, https:\/\/o-grenier-a-sel.com\/wp-content\/uploads\/2024\/10\/appartement-1-le-puy-en-velay-salle-de-bain-2-370x278.webp 370w, https:\/\/o-grenier-a-sel.com\/wp-content\/uploads\/2024\/10\/appartement-1-le-puy-en-velay-salle-de-bain-2-255x191.webp 255w, https:\/\/o-grenier-a-sel.com\/wp-content\/uploads\/2024\/10\/appartement-1-le-puy-en-velay-salle-de-bain-2-150x113.webp 150w\" sizes=\"(max-width: 1024px) 100vw, 1024px\" \/>\t\t\t\t\t\t\t\t\t\t\t\t\t\t\t<\/div>\n\t\t\t\t<\/div>\n\t\t\t\t\t<\/div>\n\t\t<\/div>\n\t\t\t\t\t<\/div>\n\t\t<\/section>\n\t\t\t\t<section class=\"elementor-section elementor-top-section elementor-element elementor-element-27c7f89 elementor-reverse-mobile elementor-section-boxed elementor-section-height-default elementor-section-height-default\" data-id=\"27c7f89\" data-element_type=\"section\" data-e-type=\"section\">\n\t\t\t\t\t\t<div class=\"elementor-container elementor-column-gap-extended\">\n\t\t\t\t\t<div class=\"elementor-column elementor-col-50 elementor-top-column elementor-element elementor-element-2788012\" data-id=\"2788012\" data-element_type=\"column\" data-e-type=\"column\">\n\t\t\t<div class=\"elementor-widget-wrap elementor-element-populated\">\n\t\t\t\t\t\t<div class=\"elementor-element elementor-element-2b51c45 elementor-widget elementor-widget-image\" data-id=\"2b51c45\" data-element_type=\"widget\" data-e-type=\"widget\" data-widget_type=\"image.default\">\n\t\t\t\t<div class=\"elementor-widget-container\">\n\t\t\t\t\t\t\t\t\t\t\t\t\t\t\t<img loading=\"lazy\" decoding=\"async\" width=\"1024\" height=\"768\" src=\"https:\/\/o-grenier-a-sel.com\/wp-content\/uploads\/2024\/10\/appartement-1-le-puy-en-velay-chambre-1024x768.webp\" class=\"attachment-large size-large wp-image-2260\" alt=\"\" srcset=\"https:\/\/o-grenier-a-sel.com\/wp-content\/uploads\/2024\/10\/appartement-1-le-puy-en-velay-chambre-1024x768.webp 1024w, https:\/\/o-grenier-a-sel.com\/wp-content\/uploads\/2024\/10\/appartement-1-le-puy-en-velay-chambre-300x225.webp 300w, https:\/\/o-grenier-a-sel.com\/wp-content\/uploads\/2024\/10\/appartement-1-le-puy-en-velay-chambre-768x576.webp 768w, https:\/\/o-grenier-a-sel.com\/wp-content\/uploads\/2024\/10\/appartement-1-le-puy-en-velay-chambre-1536x1152.webp 1536w, https:\/\/o-grenier-a-sel.com\/wp-content\/uploads\/2024\/10\/appartement-1-le-puy-en-velay-chambre-2048x1536.webp 2048w, https:\/\/o-grenier-a-sel.com\/wp-content\/uploads\/2024\/10\/appartement-1-le-puy-en-velay-chambre-1920x1440.webp 1920w, https:\/\/o-grenier-a-sel.com\/wp-content\/uploads\/2024\/10\/appartement-1-le-puy-en-velay-chambre-1440x1080.webp 1440w, https:\/\/o-grenier-a-sel.com\/wp-content\/uploads\/2024\/10\/appartement-1-le-puy-en-velay-chambre-1200x900.webp 1200w, https:\/\/o-grenier-a-sel.com\/wp-content\/uploads\/2024\/10\/appartement-1-le-puy-en-velay-chambre-780x585.webp 780w, https:\/\/o-grenier-a-sel.com\/wp-content\/uploads\/2024\/10\/appartement-1-le-puy-en-velay-chambre-600x450.webp 600w, https:\/\/o-grenier-a-sel.com\/wp-content\/uploads\/2024\/10\/appartement-1-le-puy-en-velay-chambre-550x413.webp 550w, https:\/\/o-grenier-a-sel.com\/wp-content\/uploads\/2024\/10\/appartement-1-le-puy-en-velay-chambre-370x278.webp 370w, https:\/\/o-grenier-a-sel.com\/wp-content\/uploads\/2024\/10\/appartement-1-le-puy-en-velay-chambre-255x191.webp 255w, https:\/\/o-grenier-a-sel.com\/wp-content\/uploads\/2024\/10\/appartement-1-le-puy-en-velay-chambre-150x113.webp 150w\" sizes=\"(max-width: 1024px) 100vw, 1024px\" \/>\t\t\t\t\t\t\t\t\t\t\t\t\t\t\t<\/div>\n\t\t\t\t<\/div>\n\t\t\t\t\t<\/div>\n\t\t<\/div>\n\t\t\t\t<div class=\"elementor-column elementor-col-50 elementor-top-column elementor-element elementor-element-f9ff51e\" data-id=\"f9ff51e\" data-element_type=\"column\" data-e-type=\"column\">\n\t\t\t<div class=\"elementor-widget-wrap elementor-element-populated\">\n\t\t\t\t\t\t<div class=\"elementor-element elementor-element-96738c8 elementor-widget elementor-widget-cs_title\" data-id=\"96738c8\" data-element_type=\"widget\" data-e-type=\"widget\" data-widget_type=\"cs_title.default\">\n\t\t\t\t<div class=\"elementor-widget-container\">\n\t\t\t\t\t\n        <div class=\"cs-title-wrap text-left\">\t            <div class=\"cs-title-text\">\n\t                <p>Finally, the bedroom, the highlight of this apartment where you can enjoy restful nights, is watched over by an imposing crystal chandelier and soothing decor.<\/p><p>If you would like more details, please click the button below:<\/p>\t            <\/div>                <div class=\"cs-title-btn\">\n                    <a class=\"button elementor-button-link\" role=\"button\" href=\"https:\/\/o-grenier-a-sel.com\/en\/prestations\/\">\n                        <span class=\"cs-btn-text\">View the services<\/span>                    <\/a>\n                <\/div>\n                    <\/div>\t\t\t\t<\/div>\n\t\t\t\t<\/div>\n\t\t\t\t\t<\/div>\n\t\t<\/div>\n\t\t\t\t\t<\/div>\n\t\t<\/section>\n\t\t\t\t<section class=\"elementor-section elementor-top-section elementor-element elementor-element-d723423 elementor-reverse-mobile elementor-section-boxed elementor-section-height-default elementor-section-height-default\" data-id=\"d723423\" data-element_type=\"section\" data-e-type=\"section\">\n\t\t\t\t\t\t<div class=\"elementor-container elementor-column-gap-extended\">\n\t\t\t\t\t<div class=\"elementor-column elementor-col-100 elementor-top-column elementor-element elementor-element-20f5fca\" data-id=\"20f5fca\" data-element_type=\"column\" data-e-type=\"column\">\n\t\t\t<div class=\"elementor-widget-wrap elementor-element-populated\">\n\t\t\t\t\t\t<div class=\"elementor-element elementor-element-da8dbfd elementor-widget elementor-widget-cs_title\" data-id=\"da8dbfd\" data-element_type=\"widget\" data-e-type=\"widget\" data-no-translation=\"\" data-widget_type=\"cs_title.default\">\n\t\t\t\t<div class=\"elementor-widget-container\">\n\t\t\t\t\t<style>.elementor-element-da8dbfd{display:none !important}<\/style>\t\t\t\t<\/div>\n\t\t\t\t<\/div>\n\t\t\t\t<div class=\"elementor-element elementor-element-169cd84 elementor-widget elementor-widget-cs_title\" data-id=\"169cd84\" data-element_type=\"widget\" data-e-type=\"widget\" data-no-translation=\"\" data-widget_type=\"cs_title.default\">\n\t\t\t\t<div class=\"elementor-widget-container\">\n\t\t\t\t\t\n        <div class=\"cs-title-wrap text-center\">\t            <h2 class=\"cs-title\">\n\t                Reservation:\t            <\/h2>\t            <div class=\"cs-title-text\">\n\t                <script type=\"text\/javascript\" src=\"\/\/gadget.open-system.fr\/widgets-libs\/rel\/noyau-1.0.min.js\"><\/script>\n<script type=\"text\/javascript\">\n( function() {\nvar widgetProduit = AllianceReseaux.Widget.Instance( \"Produit\", { idPanier:\"9sn29vY\", idIntegration:1167, langue:\"uk\", ui:\"OSMB-132798-1\" } );\nwidgetProduit.Initialise();\n})();\n<\/script>\n\n<div id=\"widget-produit-OSMB-132798-1\"><\/div>\t            <\/div>        <\/div>\t\t\t\t<\/div>\n\t\t\t\t<\/div>\n\t\t\t\t<div class=\"elementor-element elementor-element-ed2138d elementor-widget elementor-widget-html\" data-id=\"ed2138d\" data-element_type=\"widget\" data-e-type=\"widget\" data-widget_type=\"html.default\">\n\t\t\t\t<div class=\"elementor-widget-container\">\n\t\t\t\t\t<script>\r\ndocument.addEventListener(\"DOMContentLoaded\", function () {\r\n    function modifyElements() {\r\n        const priceValues = document.querySelectorAll(\".PrixValeur\");\r\n        priceValues.forEach((priceValue) => {\r\n            priceValue.style.setProperty(\"color\", \"black\", \"important\");\r\n        });\r\n\r\n        const btnReservers = document.querySelectorAll(\".BtnReserver\");\r\n        btnReservers.forEach((btn) => {\r\n            applyButtonStyles(btn);\r\n        });\r\n\r\n        const addButtons = document.querySelectorAll(\".BoutonAjouter a\");\r\n        addButtons.forEach((link) => {\r\n            applyButtonStyles(link);\r\n        });\r\n\r\n        const closeElements = document.querySelectorAll(\".close\");\r\n        closeElements.forEach((closeEl) => {\r\n            closeEl.style.setProperty(\r\n                \"background\",\r\n                \"url(https:\/\/gadget.open-system.fr\/widgets\/themes\/api\/mbp-v2\/images\/ico-close.svg) no-repeat scroll right 5px center rgb(171, 145, 108)\",\r\n                \"important\"\r\n            );\r\n        });\r\n\r\n        setTimeout(modifyElements, 500);\r\n    }\r\n\r\n    function applyButtonStyles(button) {\r\n        button.style.setProperty(\"background\", \"#ab916c\", \"important\");\r\n        button.style.setProperty(\"color\", \"white\", \"important\");\r\n        button.style.setProperty(\"font-family\", \"'EB Garamond', serif\", \"important\");\r\n        button.style.setProperty(\"font-size\", \"16px\", \"important\");\r\n        button.style.setProperty(\"text-transform\", \"none\", \"important\");\r\n        button.style.setProperty(\"padding\", \"10px 20px\", \"important\");\r\n        button.style.setProperty(\"border\", \"none\", \"important\");\r\n        button.style.setProperty(\"border-radius\", \"0px\", \"important\");\r\n        button.style.setProperty(\"transition\", \"background-color 0.3s ease\", \"important\");\r\n\r\n        button.addEventListener(\"mouseover\", function () {\r\n            button.style.setProperty(\"background\", \"#aa8b5f\", \"important\");\r\n        });\r\n        button.addEventListener(\"mouseout\", function () {\r\n            button.style.setProperty(\"background\", \"#ab916c\", \"important\");\r\n        });\r\n    }\r\n\r\n    modifyElements();\r\n});\r\n<\/script>\t\t\t\t<\/div>\n\t\t\t\t<\/div>\n\t\t\t\t\t<\/div>\n\t\t<\/div>\n\t\t\t\t\t<\/div>\n\t\t<\/section>\n\t\t\t\t<\/div>","protected":false},"excerpt":{"rendered":"<p>Les arts&nbsp;: Danse \u00ab\u00a0L&rsquo;art n&rsquo;existe que pour communiquer un message spirituel.\u00a0\u00bb Mucha La belle \u00e9poque : un si\u00e8cle en \u00e9moi Appuyez sur la clenche, poussez la lourde porte ancienne\u2026 et retrouvez-vous plong\u00e9s dans une ambiance feutr\u00e9e, belle \u00e9poque revisit\u00e9e. Vous d\u00e9couvrez la partie cuisine,\u00a0qui donne sur le salon en enfilade, avec de grandes fen\u00eatres donnant &#8230;<\/p>","protected":false},"author":1,"featured_media":0,"parent":0,"menu_order":0,"comment_status":"closed","ping_status":"closed","template":"template-wide-content.php","meta":{"inline_featured_image":false,"cozystay_single_page_hide_site_header":"","cozystay_single_page_site_header_source":"","cozystay_single_page_custom_site_header":"0","cozystay_single_page_custom_sticky_site_header":"0","cozystay_single_page_hide_page_title":"on","cozystay_single_page_header_section_size":"","cozystay_single_page_header_background_color":"","cozystay_single_page_header_background_position_x":"center","cozystay_single_page_header_background_position_y":"center","cozystay_single_page_header_background_size":"cover","cozystay_single_page_header_background_repeat":"off","cozystay_single_page_header_background_scroll":"on","cozystay_single_page_header_text_color":"","cozystay_single_page_header_show_breadcrumb":"","cozystay_single_page_site_footer_hide_main":"","cozystay_single_custom_site_footer_main_source":"","cozystay_single_custom_site_footer_main":"0","cozystay_single_page_site_footer_hide_above":"","cozystay_single_custom_site_footer_above_source":"","cozystay_single_custom_site_footer_above":"0","cozystay_single_page_site_footer_hide_instagram":"","cozystay_single_page_site_footer_hide_bottom":"","cozystay_single_custom_mobile_menu_source":"","cozystay_single_custom_mobile_menu":"0","cozystay_single_custom_mobile_menu_animation":"","cozystay_single_custom_mobile_menu_width":"","cozystay_single_custom_mobile_menu_custom_width":375,"footnotes":""},"class_list":["post-2794","page","type-page","status-publish","hentry"],"yoast_head":"<!-- This site is optimized with the Yoast SEO plugin v27.4 - https:\/\/yoast.com\/product\/yoast-seo-wordpress\/ -->\n<title>Les arts\u00a0: Danse - O&#039; grenier \u00e0 Sel<\/title>\n<meta name=\"description\" content=\"Explorez un appartement unique \u00e0 O&#039; Grenier \u00e0 Sel ! Un cadre id\u00e9al pour un s\u00e9jour authentique au c\u0153ur du Puy-en-Velay.\" \/>\n<meta name=\"robots\" content=\"index, follow, max-snippet:-1, max-image-preview:large, max-video-preview:-1\" \/>\n<link rel=\"canonical\" href=\"https:\/\/o-grenier-a-sel.com\/en\/appartement-les-arts-danse\/\" \/>\n<meta property=\"og:locale\" content=\"en_US\" \/>\n<meta property=\"og:type\" content=\"article\" \/>\n<meta property=\"og:title\" content=\"Les arts\u00a0: Danse - O&#039; grenier \u00e0 Sel\" \/>\n<meta property=\"og:description\" content=\"Explorez un appartement unique \u00e0 O&#039; Grenier \u00e0 Sel ! Un cadre id\u00e9al pour un s\u00e9jour authentique au c\u0153ur du Puy-en-Velay.\" \/>\n<meta property=\"og:url\" content=\"https:\/\/o-grenier-a-sel.com\/en\/appartement-les-arts-danse\/\" \/>\n<meta property=\"og:site_name\" content=\"O&#039; grenier \u00e0 Sel\" \/>\n<meta property=\"article:modified_time\" content=\"2025-01-03T10:31:26+00:00\" \/>\n<meta property=\"og:image\" content=\"https:\/\/o-grenier-a-sel.com\/wp-content\/uploads\/2024\/10\/appartement-1-le-puy-en-velay-entree-573x1024.webp\" \/>\n<meta name=\"twitter:card\" content=\"summary_large_image\" \/>\n<meta name=\"twitter:label1\" content=\"Est. reading time\" \/>\n\t<meta name=\"twitter:data1\" content=\"3 minutes\" \/>\n<script type=\"application\/ld+json\" class=\"yoast-schema-graph\">{\"@context\":\"https:\\\/\\\/schema.org\",\"@graph\":[{\"@type\":\"WebPage\",\"@id\":\"https:\\\/\\\/o-grenier-a-sel.com\\\/appartement-les-arts-danse\\\/\",\"url\":\"https:\\\/\\\/o-grenier-a-sel.com\\\/appartement-les-arts-danse\\\/\",\"name\":\"Les arts\u00a0: Danse - O&#039; grenier \u00e0 Sel\",\"isPartOf\":{\"@id\":\"https:\\\/\\\/o-grenier-a-sel.com\\\/#website\"},\"primaryImageOfPage\":{\"@id\":\"https:\\\/\\\/o-grenier-a-sel.com\\\/appartement-les-arts-danse\\\/#primaryimage\"},\"image\":{\"@id\":\"https:\\\/\\\/o-grenier-a-sel.com\\\/appartement-les-arts-danse\\\/#primaryimage\"},\"thumbnailUrl\":\"https:\\\/\\\/o-grenier-a-sel.com\\\/wp-content\\\/uploads\\\/2024\\\/10\\\/appartement-1-le-puy-en-velay-entree-573x1024.webp\",\"datePublished\":\"2024-12-29T20:23:26+00:00\",\"dateModified\":\"2025-01-03T10:31:26+00:00\",\"description\":\"Explorez un appartement unique \u00e0 O' Grenier \u00e0 Sel ! Un cadre id\u00e9al pour un s\u00e9jour authentique au c\u0153ur du Puy-en-Velay.\",\"breadcrumb\":{\"@id\":\"https:\\\/\\\/o-grenier-a-sel.com\\\/appartement-les-arts-danse\\\/#breadcrumb\"},\"inLanguage\":\"en-US\",\"potentialAction\":[{\"@type\":\"ReadAction\",\"target\":[\"https:\\\/\\\/o-grenier-a-sel.com\\\/appartement-les-arts-danse\\\/\"]}]},{\"@type\":\"ImageObject\",\"inLanguage\":\"en-US\",\"@id\":\"https:\\\/\\\/o-grenier-a-sel.com\\\/appartement-les-arts-danse\\\/#primaryimage\",\"url\":\"https:\\\/\\\/o-grenier-a-sel.com\\\/wp-content\\\/uploads\\\/2024\\\/10\\\/appartement-1-le-puy-en-velay-entree-573x1024.webp\",\"contentUrl\":\"https:\\\/\\\/o-grenier-a-sel.com\\\/wp-content\\\/uploads\\\/2024\\\/10\\\/appartement-1-le-puy-en-velay-entree-573x1024.webp\"},{\"@type\":\"BreadcrumbList\",\"@id\":\"https:\\\/\\\/o-grenier-a-sel.com\\\/appartement-les-arts-danse\\\/#breadcrumb\",\"itemListElement\":[{\"@type\":\"ListItem\",\"position\":1,\"name\":\"Home\",\"item\":\"https:\\\/\\\/o-grenier-a-sel.com\\\/\"},{\"@type\":\"ListItem\",\"position\":2,\"name\":\"Les arts\u00a0: Danse\"}]},{\"@type\":\"WebSite\",\"@id\":\"https:\\\/\\\/o-grenier-a-sel.com\\\/#website\",\"url\":\"https:\\\/\\\/o-grenier-a-sel.com\\\/\",\"name\":\"O' grenier \u00e0 Sel\",\"description\":\"\",\"publisher\":{\"@id\":\"https:\\\/\\\/o-grenier-a-sel.com\\\/#organization\"},\"potentialAction\":[{\"@type\":\"SearchAction\",\"target\":{\"@type\":\"EntryPoint\",\"urlTemplate\":\"https:\\\/\\\/o-grenier-a-sel.com\\\/?s={search_term_string}\"},\"query-input\":{\"@type\":\"PropertyValueSpecification\",\"valueRequired\":true,\"valueName\":\"search_term_string\"}}],\"inLanguage\":\"en-US\"},{\"@type\":\"Organization\",\"@id\":\"https:\\\/\\\/o-grenier-a-sel.com\\\/#organization\",\"name\":\"O' grenier \u00e0 Sel\",\"url\":\"https:\\\/\\\/o-grenier-a-sel.com\\\/\",\"logo\":{\"@type\":\"ImageObject\",\"inLanguage\":\"en-US\",\"@id\":\"https:\\\/\\\/o-grenier-a-sel.com\\\/#\\\/schema\\\/logo\\\/image\\\/\",\"url\":\"https:\\\/\\\/o-grenier-a-sel.com\\\/wp-content\\\/uploads\\\/2024\\\/12\\\/logo-o-grenier-a-sel-etoiles.svg\",\"contentUrl\":\"https:\\\/\\\/o-grenier-a-sel.com\\\/wp-content\\\/uploads\\\/2024\\\/12\\\/logo-o-grenier-a-sel-etoiles.svg\",\"width\":453,\"height\":181,\"caption\":\"O' grenier \u00e0 Sel\"},\"image\":{\"@id\":\"https:\\\/\\\/o-grenier-a-sel.com\\\/#\\\/schema\\\/logo\\\/image\\\/\"}}]}<\/script>\n<!-- \/ Yoast SEO plugin. -->","yoast_head_json":{"title":"Les arts\u00a0: Danse - O&#039; grenier \u00e0 Sel","description":"Explorez un appartement unique \u00e0 O' Grenier \u00e0 Sel ! Un cadre id\u00e9al pour un s\u00e9jour authentique au c\u0153ur du Puy-en-Velay.","robots":{"index":"index","follow":"follow","max-snippet":"max-snippet:-1","max-image-preview":"max-image-preview:large","max-video-preview":"max-video-preview:-1"},"canonical":"https:\/\/o-grenier-a-sel.com\/en\/appartement-les-arts-danse\/","og_locale":"en_US","og_type":"article","og_title":"Les arts\u00a0: Danse - O&#039; grenier \u00e0 Sel","og_description":"Explorez un appartement unique \u00e0 O' Grenier \u00e0 Sel ! Un cadre id\u00e9al pour un s\u00e9jour authentique au c\u0153ur du Puy-en-Velay.","og_url":"https:\/\/o-grenier-a-sel.com\/en\/appartement-les-arts-danse\/","og_site_name":"O&#039; grenier \u00e0 Sel","article_modified_time":"2025-01-03T10:31:26+00:00","og_image":[{"url":"https:\/\/o-grenier-a-sel.com\/wp-content\/uploads\/2024\/10\/appartement-1-le-puy-en-velay-entree-573x1024.webp","type":"","width":"","height":""}],"twitter_card":"summary_large_image","twitter_misc":{"Est. reading time":"3 minutes"},"schema":{"@context":"https:\/\/schema.org","@graph":[{"@type":"WebPage","@id":"https:\/\/o-grenier-a-sel.com\/appartement-les-arts-danse\/","url":"https:\/\/o-grenier-a-sel.com\/appartement-les-arts-danse\/","name":"Les arts\u00a0: Danse - O&#039; grenier \u00e0 Sel","isPartOf":{"@id":"https:\/\/o-grenier-a-sel.com\/#website"},"primaryImageOfPage":{"@id":"https:\/\/o-grenier-a-sel.com\/appartement-les-arts-danse\/#primaryimage"},"image":{"@id":"https:\/\/o-grenier-a-sel.com\/appartement-les-arts-danse\/#primaryimage"},"thumbnailUrl":"https:\/\/o-grenier-a-sel.com\/wp-content\/uploads\/2024\/10\/appartement-1-le-puy-en-velay-entree-573x1024.webp","datePublished":"2024-12-29T20:23:26+00:00","dateModified":"2025-01-03T10:31:26+00:00","description":"Explorez un appartement unique \u00e0 O' Grenier \u00e0 Sel ! Un cadre id\u00e9al pour un s\u00e9jour authentique au c\u0153ur du Puy-en-Velay.","breadcrumb":{"@id":"https:\/\/o-grenier-a-sel.com\/appartement-les-arts-danse\/#breadcrumb"},"inLanguage":"en-US","potentialAction":[{"@type":"ReadAction","target":["https:\/\/o-grenier-a-sel.com\/appartement-les-arts-danse\/"]}]},{"@type":"ImageObject","inLanguage":"en-US","@id":"https:\/\/o-grenier-a-sel.com\/appartement-les-arts-danse\/#primaryimage","url":"https:\/\/o-grenier-a-sel.com\/wp-content\/uploads\/2024\/10\/appartement-1-le-puy-en-velay-entree-573x1024.webp","contentUrl":"https:\/\/o-grenier-a-sel.com\/wp-content\/uploads\/2024\/10\/appartement-1-le-puy-en-velay-entree-573x1024.webp"},{"@type":"BreadcrumbList","@id":"https:\/\/o-grenier-a-sel.com\/appartement-les-arts-danse\/#breadcrumb","itemListElement":[{"@type":"ListItem","position":1,"name":"Home","item":"https:\/\/o-grenier-a-sel.com\/"},{"@type":"ListItem","position":2,"name":"Les arts\u00a0: Danse"}]},{"@type":"WebSite","@id":"https:\/\/o-grenier-a-sel.com\/#website","url":"https:\/\/o-grenier-a-sel.com\/","name":"O' grenier \u00e0 Sel","description":"","publisher":{"@id":"https:\/\/o-grenier-a-sel.com\/#organization"},"potentialAction":[{"@type":"SearchAction","target":{"@type":"EntryPoint","urlTemplate":"https:\/\/o-grenier-a-sel.com\/?s={search_term_string}"},"query-input":{"@type":"PropertyValueSpecification","valueRequired":true,"valueName":"search_term_string"}}],"inLanguage":"en-US"},{"@type":"Organization","@id":"https:\/\/o-grenier-a-sel.com\/#organization","name":"O' grenier \u00e0 Sel","url":"https:\/\/o-grenier-a-sel.com\/","logo":{"@type":"ImageObject","inLanguage":"en-US","@id":"https:\/\/o-grenier-a-sel.com\/#\/schema\/logo\/image\/","url":"https:\/\/o-grenier-a-sel.com\/wp-content\/uploads\/2024\/12\/logo-o-grenier-a-sel-etoiles.svg","contentUrl":"https:\/\/o-grenier-a-sel.com\/wp-content\/uploads\/2024\/12\/logo-o-grenier-a-sel-etoiles.svg","width":453,"height":181,"caption":"O' grenier \u00e0 Sel"},"image":{"@id":"https:\/\/o-grenier-a-sel.com\/#\/schema\/logo\/image\/"}}]}},"_links":{"self":[{"href":"https:\/\/o-grenier-a-sel.com\/en\/wp-json\/wp\/v2\/pages\/2794","targetHints":{"allow":["GET"]}}],"collection":[{"href":"https:\/\/o-grenier-a-sel.com\/en\/wp-json\/wp\/v2\/pages"}],"about":[{"href":"https:\/\/o-grenier-a-sel.com\/en\/wp-json\/wp\/v2\/types\/page"}],"author":[{"embeddable":true,"href":"https:\/\/o-grenier-a-sel.com\/en\/wp-json\/wp\/v2\/users\/1"}],"replies":[{"embeddable":true,"href":"https:\/\/o-grenier-a-sel.com\/en\/wp-json\/wp\/v2\/comments?post=2794"}],"version-history":[{"count":46,"href":"https:\/\/o-grenier-a-sel.com\/en\/wp-json\/wp\/v2\/pages\/2794\/revisions"}],"predecessor-version":[{"id":2892,"href":"https:\/\/o-grenier-a-sel.com\/en\/wp-json\/wp\/v2\/pages\/2794\/revisions\/2892"}],"wp:attachment":[{"href":"https:\/\/o-grenier-a-sel.com\/en\/wp-json\/wp\/v2\/media?parent=2794"}],"curies":[{"name":"wp","href":"https:\/\/api.w.org\/{rel}","templated":true}]}}