{"id":2995,"date":"2025-05-12T14:51:38","date_gmt":"2025-05-12T12:51:38","guid":{"rendered":"https:\/\/o-grenier-a-sel.com\/?page_id=2995"},"modified":"2026-01-17T22:43:02","modified_gmt":"2026-01-17T21:43:02","slug":"la-jeune-fille-a-la-perle","status":"publish","type":"page","link":"https:\/\/o-grenier-a-sel.com\/en\/la-jeune-fille-a-la-perle\/","title":{"rendered":"La jeune fille \u00e0 la perle ?"},"content":{"rendered":"<div data-elementor-type=\"wp-page\" data-elementor-id=\"2995\" class=\"elementor elementor-2995\">\n\t\t\t\t\t\t<section class=\"elementor-section elementor-top-section elementor-element elementor-element-2977c87c elementor-section-height-min-height cs-section-content-fullwidth cs-parallax-on-scroll cs_scroll_y_80 elementor-section-boxed elementor-section-height-default elementor-section-items-middle\" data-id=\"2977c87c\" data-element_type=\"section\" data-e-type=\"section\" data-settings=\"{&quot;background_background&quot;:&quot;classic&quot;}\" data-cs-parallax-y=\"80\" style=\"background-image: none;\" data-cs-background-image=\"https:\/\/o-grenier-a-sel.com\/wp-content\/uploads\/2025\/06\/appartement-2-le-puy-en-velay-bannier.webp\" data-cs-background-image-alt-text=\"appartement 2 le puy en velay banniere\">\n\t\t\t\t\t\t\t<div class=\"elementor-background-overlay\"><\/div>\n\t\t\t\t\t\t\t<div class=\"elementor-container elementor-column-gap-no\">\n\t\t\t\t\t<div class=\"elementor-column elementor-col-100 elementor-top-column elementor-element elementor-element-784d8ad dark-color\" data-id=\"784d8ad\" data-element_type=\"column\" data-e-type=\"column\">\n\t\t\t<div class=\"elementor-widget-wrap elementor-element-populated\">\n\t\t\t\t\t\t<div class=\"elementor-element elementor-element-1a64c3d7 elementor-widget elementor-widget-cs_title\" data-id=\"1a64c3d7\" data-element_type=\"widget\" data-e-type=\"widget\" data-widget_type=\"cs_title.default\">\n\t\t\t\t<div class=\"elementor-widget-container\">\n\t\t\t\t\t\n        <div class=\"cs-title-wrap text-center\">\t            <h1 class=\"cs-title\">\n\t                \u00ab\u00a0La jeune fille \u00e0 la perle ? \u00bb\t            <\/h1>\t            <div class=\"cs-title-text\">\n\t                <p>\u00ab\u00a0L\u2019art est une visite du temps. \u00bb Ariane Angeloglou<\/p>\t            <\/div>        <\/div>\t\t\t\t<\/div>\n\t\t\t\t<\/div>\n\t\t\t\t\t<\/div>\n\t\t<\/div>\n\t\t\t\t\t<\/div>\n\t\t<\/section>\n\t\t\t\t<section class=\"elementor-section elementor-top-section elementor-element elementor-element-95108ce elementor-section-boxed elementor-section-height-default elementor-section-height-default\" data-id=\"95108ce\" data-element_type=\"section\" data-e-type=\"section\">\n\t\t\t\t\t\t<div class=\"elementor-container elementor-column-gap-extended\">\n\t\t\t\t\t<div class=\"elementor-column elementor-col-50 elementor-top-column elementor-element elementor-element-413f5c8\" data-id=\"413f5c8\" data-element_type=\"column\" data-e-type=\"column\">\n\t\t\t<div class=\"elementor-widget-wrap elementor-element-populated\">\n\t\t\t\t\t\t<div class=\"elementor-element elementor-element-4af5213 elementor-widget elementor-widget-cs_title\" data-id=\"4af5213\" data-element_type=\"widget\" data-e-type=\"widget\" data-widget_type=\"cs_title.default\">\n\t\t\t\t<div class=\"elementor-widget-container\">\n\t\t\t\t\t\n        <div class=\"cs-title-wrap text-left\">\t            <div class=\"cs-title-text\">\n\t                <p>Press the latch, push the heavy ancient door\u2026<\/p><p>et retrouvez-vous plong\u00e9s dans une ambiance feutr\u00e9e du XVIIe revisit\u00e9e.<\/p>\t            <\/div>        <\/div>\t\t\t\t<\/div>\n\t\t\t\t<\/div>\n\t\t\t\t\t<\/div>\n\t\t<\/div>\n\t\t\t\t<div class=\"elementor-column elementor-col-50 elementor-top-column elementor-element elementor-element-ba45ab6\" data-id=\"ba45ab6\" data-element_type=\"column\" data-e-type=\"column\">\n\t\t\t<div class=\"elementor-widget-wrap elementor-element-populated\">\n\t\t\t\t\t\t<div class=\"elementor-element elementor-element-60d1852 elementor-widget elementor-widget-image\" data-id=\"60d1852\" data-element_type=\"widget\" data-e-type=\"widget\" data-widget_type=\"image.default\">\n\t\t\t\t<div class=\"elementor-widget-container\">\n\t\t\t\t\t\t\t\t\t\t\t\t\t\t\t<img fetchpriority=\"high\" decoding=\"async\" width=\"768\" height=\"1024\" src=\"https:\/\/o-grenier-a-sel.com\/wp-content\/uploads\/2025\/06\/appartement-2-le-puy-en-velay-porte-768x1024.webp\" class=\"attachment-large size-large wp-image-3016\" alt=\"appartement 2 le puy en velay porte\" srcset=\"https:\/\/o-grenier-a-sel.com\/wp-content\/uploads\/2025\/06\/appartement-2-le-puy-en-velay-porte-768x1024.webp 768w, https:\/\/o-grenier-a-sel.com\/wp-content\/uploads\/2025\/06\/appartement-2-le-puy-en-velay-porte-225x300.webp 225w, https:\/\/o-grenier-a-sel.com\/wp-content\/uploads\/2025\/06\/appartement-2-le-puy-en-velay-porte-9x12.webp 9w, https:\/\/o-grenier-a-sel.com\/wp-content\/uploads\/2025\/06\/appartement-2-le-puy-en-velay-porte-780x1041.webp 780w, https:\/\/o-grenier-a-sel.com\/wp-content\/uploads\/2025\/06\/appartement-2-le-puy-en-velay-porte-600x800.webp 600w, https:\/\/o-grenier-a-sel.com\/wp-content\/uploads\/2025\/06\/appartement-2-le-puy-en-velay-porte-550x734.webp 550w, https:\/\/o-grenier-a-sel.com\/wp-content\/uploads\/2025\/06\/appartement-2-le-puy-en-velay-porte-370x494.webp 370w, https:\/\/o-grenier-a-sel.com\/wp-content\/uploads\/2025\/06\/appartement-2-le-puy-en-velay-porte-255x340.webp 255w, https:\/\/o-grenier-a-sel.com\/wp-content\/uploads\/2025\/06\/appartement-2-le-puy-en-velay-porte.webp 1039w\" sizes=\"(max-width: 768px) 100vw, 768px\" \/>\t\t\t\t\t\t\t\t\t\t\t\t\t\t\t<\/div>\n\t\t\t\t<\/div>\n\t\t\t\t\t<\/div>\n\t\t<\/div>\n\t\t\t\t\t<\/div>\n\t\t<\/section>\n\t\t\t\t<section class=\"elementor-section elementor-top-section elementor-element elementor-element-f6b9817 elementor-reverse-mobile elementor-section-boxed elementor-section-height-default elementor-section-height-default\" data-id=\"f6b9817\" data-element_type=\"section\" data-e-type=\"section\">\n\t\t\t\t\t\t<div class=\"elementor-container elementor-column-gap-extended\">\n\t\t\t\t\t<div class=\"elementor-column elementor-col-50 elementor-top-column elementor-element elementor-element-4b9b172\" data-id=\"4b9b172\" data-element_type=\"column\" data-e-type=\"column\">\n\t\t\t<div class=\"elementor-widget-wrap elementor-element-populated\">\n\t\t\t\t\t\t<div class=\"elementor-element elementor-element-8556067 elementor-widget elementor-widget-image\" data-id=\"8556067\" data-element_type=\"widget\" data-e-type=\"widget\" data-widget_type=\"image.default\">\n\t\t\t\t<div class=\"elementor-widget-container\">\n\t\t\t\t\t\t\t\t\t\t\t\t\t\t\t<img decoding=\"async\" width=\"1024\" height=\"768\" src=\"https:\/\/o-grenier-a-sel.com\/wp-content\/uploads\/2025\/06\/appartement-2-le-puy-en-velay-1024x768.webp\" class=\"attachment-large size-large wp-image-3007\" alt=\"appartement 2 le puy en velay\" srcset=\"https:\/\/o-grenier-a-sel.com\/wp-content\/uploads\/2025\/06\/appartement-2-le-puy-en-velay-1024x768.webp 1024w, https:\/\/o-grenier-a-sel.com\/wp-content\/uploads\/2025\/06\/appartement-2-le-puy-en-velay-300x225.webp 300w, https:\/\/o-grenier-a-sel.com\/wp-content\/uploads\/2025\/06\/appartement-2-le-puy-en-velay-768x576.webp 768w, https:\/\/o-grenier-a-sel.com\/wp-content\/uploads\/2025\/06\/appartement-2-le-puy-en-velay-1536x1152.webp 1536w, https:\/\/o-grenier-a-sel.com\/wp-content\/uploads\/2025\/06\/appartement-2-le-puy-en-velay-16x12.webp 16w, https:\/\/o-grenier-a-sel.com\/wp-content\/uploads\/2025\/06\/appartement-2-le-puy-en-velay-1440x1080.webp 1440w, https:\/\/o-grenier-a-sel.com\/wp-content\/uploads\/2025\/06\/appartement-2-le-puy-en-velay-1200x900.webp 1200w, https:\/\/o-grenier-a-sel.com\/wp-content\/uploads\/2025\/06\/appartement-2-le-puy-en-velay-780x585.webp 780w, https:\/\/o-grenier-a-sel.com\/wp-content\/uploads\/2025\/06\/appartement-2-le-puy-en-velay-600x450.webp 600w, https:\/\/o-grenier-a-sel.com\/wp-content\/uploads\/2025\/06\/appartement-2-le-puy-en-velay-550x413.webp 550w, https:\/\/o-grenier-a-sel.com\/wp-content\/uploads\/2025\/06\/appartement-2-le-puy-en-velay-370x278.webp 370w, https:\/\/o-grenier-a-sel.com\/wp-content\/uploads\/2025\/06\/appartement-2-le-puy-en-velay-255x191.webp 255w, https:\/\/o-grenier-a-sel.com\/wp-content\/uploads\/2025\/06\/appartement-2-le-puy-en-velay.webp 1600w\" sizes=\"(max-width: 1024px) 100vw, 1024px\" \/>\t\t\t\t\t\t\t\t\t\t\t\t\t\t\t<\/div>\n\t\t\t\t<\/div>\n\t\t\t\t\t<\/div>\n\t\t<\/div>\n\t\t\t\t<div class=\"elementor-column elementor-col-50 elementor-top-column elementor-element elementor-element-34b315f\" data-id=\"34b315f\" data-element_type=\"column\" data-e-type=\"column\">\n\t\t\t<div class=\"elementor-widget-wrap elementor-element-populated\">\n\t\t\t\t\t\t<div class=\"elementor-element elementor-element-80ff5a6 elementor-widget elementor-widget-cs_title\" data-id=\"80ff5a6\" data-element_type=\"widget\" data-e-type=\"widget\" data-widget_type=\"cs_title.default\">\n\t\t\t\t<div class=\"elementor-widget-container\">\n\t\t\t\t\t\n        <div class=\"cs-title-wrap text-left\">\t            <div class=\"cs-title-text\">\n\t                <p>Vous d\u00e9couvrez la partie cuisine, invitant \u00e0 un diner aux chandelles, prolong\u00e9e par l\u2019espace salon.<\/p>\t            <\/div>        <\/div>\t\t\t\t<\/div>\n\t\t\t\t<\/div>\n\t\t\t\t\t<\/div>\n\t\t<\/div>\n\t\t\t\t\t<\/div>\n\t\t<\/section>\n\t\t\t\t<section class=\"elementor-section elementor-top-section elementor-element elementor-element-3823be0 elementor-section-boxed elementor-section-height-default elementor-section-height-default\" data-id=\"3823be0\" data-element_type=\"section\" data-e-type=\"section\">\n\t\t\t\t\t\t<div class=\"elementor-container elementor-column-gap-extended\">\n\t\t\t\t\t<div class=\"elementor-column elementor-col-66 elementor-top-column elementor-element elementor-element-ca60be9\" data-id=\"ca60be9\" data-element_type=\"column\" data-e-type=\"column\">\n\t\t\t<div class=\"elementor-widget-wrap elementor-element-populated\">\n\t\t\t\t\t\t<div class=\"elementor-element elementor-element-449c776 elementor-widget elementor-widget-cs_title\" data-id=\"449c776\" data-element_type=\"widget\" data-e-type=\"widget\" data-widget_type=\"cs_title.default\">\n\t\t\t\t<div class=\"elementor-widget-container\">\n\t\t\t\t\t\n        <div class=\"cs-title-wrap text-left\">\t            <div class=\"cs-title-text\">\n\t                <p>Un tableau inspir\u00e9 de l\u2019\u0153uvre de\u00a0Johannes VERMEER donne son nom \u00e0 ce lieu de caract\u00e8re, et plusieurs touches de d\u00e9coration rappellent l\u2019imaginaire du XVII librement adapt\u00e9.<\/p>\t            <\/div>        <\/div>\t\t\t\t<\/div>\n\t\t\t\t<\/div>\n\t\t\t\t\t<\/div>\n\t\t<\/div>\n\t\t\t\t<div class=\"elementor-column elementor-col-33 elementor-top-column elementor-element elementor-element-44e8839\" data-id=\"44e8839\" data-element_type=\"column\" data-e-type=\"column\">\n\t\t\t<div class=\"elementor-widget-wrap elementor-element-populated\">\n\t\t\t\t\t\t<div class=\"elementor-element elementor-element-fde413f elementor-widget elementor-widget-image\" data-id=\"fde413f\" data-element_type=\"widget\" data-e-type=\"widget\" data-widget_type=\"image.default\">\n\t\t\t\t<div class=\"elementor-widget-container\">\n\t\t\t\t\t\t\t\t\t\t\t\t\t\t\t<img decoding=\"async\" width=\"768\" height=\"1024\" src=\"https:\/\/o-grenier-a-sel.com\/wp-content\/uploads\/2025\/06\/appartement-2-le-puy-en-velay-salon-768x1024.webp\" class=\"attachment-large size-large wp-image-3012\" alt=\"appartement 2 le puy en velay salon\" srcset=\"https:\/\/o-grenier-a-sel.com\/wp-content\/uploads\/2025\/06\/appartement-2-le-puy-en-velay-salon-768x1024.webp 768w, https:\/\/o-grenier-a-sel.com\/wp-content\/uploads\/2025\/06\/appartement-2-le-puy-en-velay-salon-225x300.webp 225w, https:\/\/o-grenier-a-sel.com\/wp-content\/uploads\/2025\/06\/appartement-2-le-puy-en-velay-salon-1152x1536.webp 1152w, https:\/\/o-grenier-a-sel.com\/wp-content\/uploads\/2025\/06\/appartement-2-le-puy-en-velay-salon-9x12.webp 9w, https:\/\/o-grenier-a-sel.com\/wp-content\/uploads\/2025\/06\/appartement-2-le-puy-en-velay-salon-780x1040.webp 780w, https:\/\/o-grenier-a-sel.com\/wp-content\/uploads\/2025\/06\/appartement-2-le-puy-en-velay-salon-600x800.webp 600w, https:\/\/o-grenier-a-sel.com\/wp-content\/uploads\/2025\/06\/appartement-2-le-puy-en-velay-salon-550x733.webp 550w, https:\/\/o-grenier-a-sel.com\/wp-content\/uploads\/2025\/06\/appartement-2-le-puy-en-velay-salon-370x493.webp 370w, https:\/\/o-grenier-a-sel.com\/wp-content\/uploads\/2025\/06\/appartement-2-le-puy-en-velay-salon-255x340.webp 255w, https:\/\/o-grenier-a-sel.com\/wp-content\/uploads\/2025\/06\/appartement-2-le-puy-en-velay-salon.webp 1200w\" sizes=\"(max-width: 768px) 100vw, 768px\" \/>\t\t\t\t\t\t\t\t\t\t\t\t\t\t\t<\/div>\n\t\t\t\t<\/div>\n\t\t\t\t\t<\/div>\n\t\t<\/div>\n\t\t\t\t\t<\/div>\n\t\t<\/section>\n\t\t\t\t<section class=\"elementor-section elementor-top-section elementor-element elementor-element-950f5e4 elementor-reverse-mobile elementor-section-boxed elementor-section-height-default elementor-section-height-default\" data-id=\"950f5e4\" data-element_type=\"section\" data-e-type=\"section\">\n\t\t\t\t\t\t<div class=\"elementor-container elementor-column-gap-extended\">\n\t\t\t\t\t<div class=\"elementor-column elementor-col-50 elementor-top-column elementor-element elementor-element-d083fe8\" data-id=\"d083fe8\" data-element_type=\"column\" data-e-type=\"column\">\n\t\t\t<div class=\"elementor-widget-wrap elementor-element-populated\">\n\t\t\t\t\t\t<div class=\"elementor-element elementor-element-b9f74bf elementor-widget elementor-widget-image\" data-id=\"b9f74bf\" data-element_type=\"widget\" data-e-type=\"widget\" data-widget_type=\"image.default\">\n\t\t\t\t<div class=\"elementor-widget-container\">\n\t\t\t\t\t\t\t\t\t\t\t\t\t\t\t<img loading=\"lazy\" decoding=\"async\" width=\"768\" height=\"1024\" src=\"https:\/\/o-grenier-a-sel.com\/wp-content\/uploads\/2025\/06\/appartement-2-le-puy-en-velay-mirroir-768x1024.webp\" class=\"attachment-large size-large wp-image-3017\" alt=\"appartement 2 le puy en velay mirroir\" srcset=\"https:\/\/o-grenier-a-sel.com\/wp-content\/uploads\/2025\/06\/appartement-2-le-puy-en-velay-mirroir-768x1024.webp 768w, https:\/\/o-grenier-a-sel.com\/wp-content\/uploads\/2025\/06\/appartement-2-le-puy-en-velay-mirroir-225x300.webp 225w, https:\/\/o-grenier-a-sel.com\/wp-content\/uploads\/2025\/06\/appartement-2-le-puy-en-velay-mirroir-9x12.webp 9w, https:\/\/o-grenier-a-sel.com\/wp-content\/uploads\/2025\/06\/appartement-2-le-puy-en-velay-mirroir-780x1041.webp 780w, https:\/\/o-grenier-a-sel.com\/wp-content\/uploads\/2025\/06\/appartement-2-le-puy-en-velay-mirroir-600x800.webp 600w, https:\/\/o-grenier-a-sel.com\/wp-content\/uploads\/2025\/06\/appartement-2-le-puy-en-velay-mirroir-550x734.webp 550w, https:\/\/o-grenier-a-sel.com\/wp-content\/uploads\/2025\/06\/appartement-2-le-puy-en-velay-mirroir-370x494.webp 370w, https:\/\/o-grenier-a-sel.com\/wp-content\/uploads\/2025\/06\/appartement-2-le-puy-en-velay-mirroir-255x340.webp 255w, https:\/\/o-grenier-a-sel.com\/wp-content\/uploads\/2025\/06\/appartement-2-le-puy-en-velay-mirroir.webp 1039w\" sizes=\"(max-width: 768px) 100vw, 768px\" \/>\t\t\t\t\t\t\t\t\t\t\t\t\t\t\t<\/div>\n\t\t\t\t<\/div>\n\t\t\t\t\t<\/div>\n\t\t<\/div>\n\t\t\t\t<div class=\"elementor-column elementor-col-50 elementor-top-column elementor-element elementor-element-86312dd\" data-id=\"86312dd\" data-element_type=\"column\" data-e-type=\"column\">\n\t\t\t<div class=\"elementor-widget-wrap elementor-element-populated\">\n\t\t\t\t\t\t<div class=\"elementor-element elementor-element-7566009 elementor-widget elementor-widget-cs_title\" data-id=\"7566009\" data-element_type=\"widget\" data-e-type=\"widget\" data-widget_type=\"cs_title.default\">\n\t\t\t\t<div class=\"elementor-widget-container\">\n\t\t\t\t\t\n        <div class=\"cs-title-wrap text-left\">\t            <div class=\"cs-title-text\">\n\t                <p>Un miroir surplomb\u00e9 d\u2019anges vient orner l\u2019ancienne chemin\u00e9e de marbre et les diff\u00e9rents lustres \u00e0 pampilles soulignent la pi\u00e8ce.<\/p>\t            <\/div>        <\/div>\t\t\t\t<\/div>\n\t\t\t\t<\/div>\n\t\t\t\t\t<\/div>\n\t\t<\/div>\n\t\t\t\t\t<\/div>\n\t\t<\/section>\n\t\t\t\t<section class=\"elementor-section elementor-top-section elementor-element elementor-element-fabb341 elementor-section-boxed elementor-section-height-default elementor-section-height-default\" data-id=\"fabb341\" data-element_type=\"section\" data-e-type=\"section\">\n\t\t\t\t\t\t<div class=\"elementor-container elementor-column-gap-extended\">\n\t\t\t\t\t<div class=\"elementor-column elementor-col-66 elementor-top-column elementor-element elementor-element-c835616\" data-id=\"c835616\" data-element_type=\"column\" data-e-type=\"column\">\n\t\t\t<div class=\"elementor-widget-wrap elementor-element-populated\">\n\t\t\t\t\t\t<div class=\"elementor-element elementor-element-d4fe45c elementor-widget elementor-widget-cs_title\" data-id=\"d4fe45c\" data-element_type=\"widget\" data-e-type=\"widget\" data-widget_type=\"cs_title.default\">\n\t\t\t\t<div class=\"elementor-widget-container\">\n\t\t\t\t\t\n        <div class=\"cs-title-wrap text-left\">\t            <div class=\"cs-title-text\">\n\t                <p>La salle de bains avec ses murs au d\u00e9cor de motifs anciens estomp\u00e9s et ses \u00e9quipements aux teintes or rose, reste dans le ton de l\u2019appartement, tout en offrant un espace toilette avec deux vasques et une grande douche \u00e0 l\u2019italienne.<\/p>\n<p>Even the WC, properly separated, testifies to the fact that every corner of this apartment has been decorated with care.<\/p>\t            <\/div>        <\/div>\t\t\t\t<\/div>\n\t\t\t\t<\/div>\n\t\t\t\t\t<\/div>\n\t\t<\/div>\n\t\t\t\t<div class=\"elementor-column elementor-col-33 elementor-top-column elementor-element elementor-element-884cc32\" data-id=\"884cc32\" data-element_type=\"column\" data-e-type=\"column\">\n\t\t\t<div class=\"elementor-widget-wrap elementor-element-populated\">\n\t\t\t\t\t\t<div class=\"elementor-element elementor-element-fb9b374 elementor-widget elementor-widget-image\" data-id=\"fb9b374\" data-element_type=\"widget\" data-e-type=\"widget\" data-widget_type=\"image.default\">\n\t\t\t\t<div class=\"elementor-widget-container\">\n\t\t\t\t\t\t\t\t\t\t\t\t\t\t\t<img loading=\"lazy\" decoding=\"async\" width=\"768\" height=\"1024\" src=\"https:\/\/o-grenier-a-sel.com\/wp-content\/uploads\/2025\/06\/appartement-2-le-puy-en-velay-salle-de-bain-768x1024.webp\" class=\"attachment-large size-large wp-image-3009\" alt=\"appartement 2 le puy en velay salle de bain\" srcset=\"https:\/\/o-grenier-a-sel.com\/wp-content\/uploads\/2025\/06\/appartement-2-le-puy-en-velay-salle-de-bain-768x1023.webp 768w, https:\/\/o-grenier-a-sel.com\/wp-content\/uploads\/2025\/06\/appartement-2-le-puy-en-velay-salle-de-bain-225x300.webp 225w, https:\/\/o-grenier-a-sel.com\/wp-content\/uploads\/2025\/06\/appartement-2-le-puy-en-velay-salle-de-bain-9x12.webp 9w, https:\/\/o-grenier-a-sel.com\/wp-content\/uploads\/2025\/06\/appartement-2-le-puy-en-velay-salle-de-bain-780x1039.webp 780w, https:\/\/o-grenier-a-sel.com\/wp-content\/uploads\/2025\/06\/appartement-2-le-puy-en-velay-salle-de-bain-600x800.webp 600w, https:\/\/o-grenier-a-sel.com\/wp-content\/uploads\/2025\/06\/appartement-2-le-puy-en-velay-salle-de-bain-550x733.webp 550w, https:\/\/o-grenier-a-sel.com\/wp-content\/uploads\/2025\/06\/appartement-2-le-puy-en-velay-salle-de-bain-370x493.webp 370w, https:\/\/o-grenier-a-sel.com\/wp-content\/uploads\/2025\/06\/appartement-2-le-puy-en-velay-salle-de-bain-255x340.webp 255w, https:\/\/o-grenier-a-sel.com\/wp-content\/uploads\/2025\/06\/appartement-2-le-puy-en-velay-salle-de-bain.webp 848w\" sizes=\"(max-width: 768px) 100vw, 768px\" \/>\t\t\t\t\t\t\t\t\t\t\t\t\t\t\t<\/div>\n\t\t\t\t<\/div>\n\t\t\t\t\t<\/div>\n\t\t<\/div>\n\t\t\t\t\t<\/div>\n\t\t<\/section>\n\t\t\t\t<section class=\"elementor-section elementor-top-section elementor-element elementor-element-55be915 elementor-reverse-mobile elementor-section-boxed elementor-section-height-default elementor-section-height-default\" data-id=\"55be915\" data-element_type=\"section\" data-e-type=\"section\" data-settings=\"{&quot;background_background&quot;:&quot;classic&quot;}\">\n\t\t\t\t\t\t<div class=\"elementor-container elementor-column-gap-extended\">\n\t\t\t\t\t<div class=\"elementor-column elementor-col-33 elementor-top-column elementor-element elementor-element-40f9924\" data-id=\"40f9924\" data-element_type=\"column\" data-e-type=\"column\">\n\t\t\t<div class=\"elementor-widget-wrap elementor-element-populated\">\n\t\t\t\t\t\t<div class=\"elementor-element elementor-element-290cc58 elementor-widget elementor-widget-image\" data-id=\"290cc58\" data-element_type=\"widget\" data-e-type=\"widget\" data-widget_type=\"image.default\">\n\t\t\t\t<div class=\"elementor-widget-container\">\n\t\t\t\t\t\t\t\t\t\t\t\t\t\t\t<img loading=\"lazy\" decoding=\"async\" width=\"1024\" height=\"768\" src=\"https:\/\/o-grenier-a-sel.com\/wp-content\/uploads\/2025\/06\/appartement-2-le-puy-en-velay-bureau-1024x768.webp\" class=\"attachment-large size-large wp-image-3014\" alt=\"appartement 2 le puy en velay bureau\" srcset=\"https:\/\/o-grenier-a-sel.com\/wp-content\/uploads\/2025\/06\/appartement-2-le-puy-en-velay-bureau-1024x768.webp 1024w, https:\/\/o-grenier-a-sel.com\/wp-content\/uploads\/2025\/06\/appartement-2-le-puy-en-velay-bureau-300x225.webp 300w, https:\/\/o-grenier-a-sel.com\/wp-content\/uploads\/2025\/06\/appartement-2-le-puy-en-velay-bureau-768x576.webp 768w, https:\/\/o-grenier-a-sel.com\/wp-content\/uploads\/2025\/06\/appartement-2-le-puy-en-velay-bureau-1536x1152.webp 1536w, https:\/\/o-grenier-a-sel.com\/wp-content\/uploads\/2025\/06\/appartement-2-le-puy-en-velay-bureau-2048x1536.webp 2048w, https:\/\/o-grenier-a-sel.com\/wp-content\/uploads\/2025\/06\/appartement-2-le-puy-en-velay-bureau-16x12.webp 16w, https:\/\/o-grenier-a-sel.com\/wp-content\/uploads\/2025\/06\/appartement-2-le-puy-en-velay-bureau-1920x1440.webp 1920w, https:\/\/o-grenier-a-sel.com\/wp-content\/uploads\/2025\/06\/appartement-2-le-puy-en-velay-bureau-1440x1080.webp 1440w, https:\/\/o-grenier-a-sel.com\/wp-content\/uploads\/2025\/06\/appartement-2-le-puy-en-velay-bureau-1200x900.webp 1200w, https:\/\/o-grenier-a-sel.com\/wp-content\/uploads\/2025\/06\/appartement-2-le-puy-en-velay-bureau-780x585.webp 780w, https:\/\/o-grenier-a-sel.com\/wp-content\/uploads\/2025\/06\/appartement-2-le-puy-en-velay-bureau-600x450.webp 600w, https:\/\/o-grenier-a-sel.com\/wp-content\/uploads\/2025\/06\/appartement-2-le-puy-en-velay-bureau-550x413.webp 550w, https:\/\/o-grenier-a-sel.com\/wp-content\/uploads\/2025\/06\/appartement-2-le-puy-en-velay-bureau-370x278.webp 370w, https:\/\/o-grenier-a-sel.com\/wp-content\/uploads\/2025\/06\/appartement-2-le-puy-en-velay-bureau-255x191.webp 255w\" sizes=\"(max-width: 1024px) 100vw, 1024px\" \/>\t\t\t\t\t\t\t\t\t\t\t\t\t\t\t<\/div>\n\t\t\t\t<\/div>\n\t\t\t\t\t<\/div>\n\t\t<\/div>\n\t\t\t\t<div class=\"elementor-column elementor-col-33 elementor-top-column elementor-element elementor-element-43654e5\" data-id=\"43654e5\" data-element_type=\"column\" data-e-type=\"column\">\n\t\t\t<div class=\"elementor-widget-wrap elementor-element-populated\">\n\t\t\t\t\t\t<div class=\"elementor-element elementor-element-ff2fcf2 elementor-widget elementor-widget-image\" data-id=\"ff2fcf2\" data-element_type=\"widget\" data-e-type=\"widget\" data-widget_type=\"image.default\">\n\t\t\t\t<div class=\"elementor-widget-container\">\n\t\t\t\t\t\t\t\t\t\t\t\t\t\t\t<img loading=\"lazy\" decoding=\"async\" width=\"1024\" height=\"768\" src=\"https:\/\/o-grenier-a-sel.com\/wp-content\/uploads\/2025\/06\/appartement-2-le-puy-en-velay-bureau-2-1024x768.webp\" class=\"attachment-large size-large wp-image-3015\" alt=\"appartement 2 le puy en velay bureau\" srcset=\"https:\/\/o-grenier-a-sel.com\/wp-content\/uploads\/2025\/06\/appartement-2-le-puy-en-velay-bureau-2-1024x768.webp 1024w, https:\/\/o-grenier-a-sel.com\/wp-content\/uploads\/2025\/06\/appartement-2-le-puy-en-velay-bureau-2-300x225.webp 300w, https:\/\/o-grenier-a-sel.com\/wp-content\/uploads\/2025\/06\/appartement-2-le-puy-en-velay-bureau-2-768x576.webp 768w, https:\/\/o-grenier-a-sel.com\/wp-content\/uploads\/2025\/06\/appartement-2-le-puy-en-velay-bureau-2-16x12.webp 16w, https:\/\/o-grenier-a-sel.com\/wp-content\/uploads\/2025\/06\/appartement-2-le-puy-en-velay-bureau-2-1200x900.webp 1200w, https:\/\/o-grenier-a-sel.com\/wp-content\/uploads\/2025\/06\/appartement-2-le-puy-en-velay-bureau-2-780x585.webp 780w, https:\/\/o-grenier-a-sel.com\/wp-content\/uploads\/2025\/06\/appartement-2-le-puy-en-velay-bureau-2-600x450.webp 600w, https:\/\/o-grenier-a-sel.com\/wp-content\/uploads\/2025\/06\/appartement-2-le-puy-en-velay-bureau-2-550x412.webp 550w, https:\/\/o-grenier-a-sel.com\/wp-content\/uploads\/2025\/06\/appartement-2-le-puy-en-velay-bureau-2-370x277.webp 370w, https:\/\/o-grenier-a-sel.com\/wp-content\/uploads\/2025\/06\/appartement-2-le-puy-en-velay-bureau-2-255x191.webp 255w, https:\/\/o-grenier-a-sel.com\/wp-content\/uploads\/2025\/06\/appartement-2-le-puy-en-velay-bureau-2.webp 1386w\" sizes=\"(max-width: 1024px) 100vw, 1024px\" \/>\t\t\t\t\t\t\t\t\t\t\t\t\t\t\t<\/div>\n\t\t\t\t<\/div>\n\t\t\t\t\t<\/div>\n\t\t<\/div>\n\t\t\t\t<div class=\"elementor-column elementor-col-33 elementor-top-column elementor-element elementor-element-c9c5b8a\" data-id=\"c9c5b8a\" data-element_type=\"column\" data-e-type=\"column\">\n\t\t\t<div class=\"elementor-widget-wrap elementor-element-populated\">\n\t\t\t\t\t\t<div class=\"elementor-element elementor-element-a8be6a6 elementor-widget elementor-widget-cs_title\" data-id=\"a8be6a6\" data-element_type=\"widget\" data-e-type=\"widget\" data-widget_type=\"cs_title.default\">\n\t\t\t\t<div class=\"elementor-widget-container\">\n\t\t\t\t\t\n        <div class=\"cs-title-wrap text-left\">\t            <div class=\"cs-title-text\">\n\t                <p>Le coin bureau am\u00e9nag\u00e9 dans un recoin de la chambre vous permet de rester connect\u00e9s et de travailler avec le wifi gratuit et, entre deux respirations, de profiter du cadre.<\/p>\t            <\/div>        <\/div>\t\t\t\t<\/div>\n\t\t\t\t<\/div>\n\t\t\t\t\t<\/div>\n\t\t<\/div>\n\t\t\t\t\t<\/div>\n\t\t<\/section>\n\t\t\t\t<section class=\"elementor-section elementor-top-section elementor-element elementor-element-27c7f89 elementor-reverse-mobile elementor-section-boxed elementor-section-height-default elementor-section-height-default\" data-id=\"27c7f89\" data-element_type=\"section\" data-e-type=\"section\">\n\t\t\t\t\t\t<div class=\"elementor-container elementor-column-gap-extended\">\n\t\t\t\t\t<div class=\"elementor-column elementor-col-50 elementor-top-column elementor-element elementor-element-f9ff51e\" data-id=\"f9ff51e\" data-element_type=\"column\" data-e-type=\"column\">\n\t\t\t<div class=\"elementor-widget-wrap elementor-element-populated\">\n\t\t\t\t\t\t<div class=\"elementor-element elementor-element-96738c8 elementor-widget elementor-widget-cs_title\" data-id=\"96738c8\" data-element_type=\"widget\" data-e-type=\"widget\" data-widget_type=\"cs_title.default\">\n\t\t\t\t<div class=\"elementor-widget-container\">\n\t\t\t\t\t\n        <div class=\"cs-title-wrap text-left\">\t            <div class=\"cs-title-text\">\n\t                <p><span style=\"background-color: var(--bg-color);\">Enfin, la chambre, clou de cet appartement dans lequel vous pourrez passer d\u2019agr\u00e9ables nuits, veill\u00e9s par un lustre \u00e0 pampilles et quelques anges pour un d\u00e9cor apaisant.<br \/><\/span><span style=\"font-size: inherit; color: var(--content-color); background-color: var(--bg-color); font-family: var(--body-font);\"><br \/>If you would like more details, please click the button below:<\/span><\/p>\t            <\/div>                <div class=\"cs-title-btn\">\n                    <a class=\"button elementor-button-link\" role=\"button\" href=\"https:\/\/o-grenier-a-sel.com\/en\/prestations\/\">\n                        <span class=\"cs-btn-text\">View the services<\/span>                    <\/a>\n                <\/div>\n                    <\/div>\t\t\t\t<\/div>\n\t\t\t\t<\/div>\n\t\t\t\t\t<\/div>\n\t\t<\/div>\n\t\t\t\t<div class=\"elementor-column elementor-col-50 elementor-top-column elementor-element elementor-element-2788012\" data-id=\"2788012\" data-element_type=\"column\" data-e-type=\"column\">\n\t\t\t<div class=\"elementor-widget-wrap elementor-element-populated\">\n\t\t\t\t\t\t<div class=\"elementor-element elementor-element-2b51c45 elementor-widget elementor-widget-image\" data-id=\"2b51c45\" data-element_type=\"widget\" data-e-type=\"widget\" data-widget_type=\"image.default\">\n\t\t\t\t<div class=\"elementor-widget-container\">\n\t\t\t\t\t\t\t\t\t\t\t\t\t\t\t<img loading=\"lazy\" decoding=\"async\" width=\"1024\" height=\"768\" src=\"https:\/\/o-grenier-a-sel.com\/wp-content\/uploads\/2025\/06\/appartement-2-le-puy-en-velay-chambre-1024x768.webp\" class=\"attachment-large size-large wp-image-3008\" alt=\"appartement 2 le puy en velay chambre\" srcset=\"https:\/\/o-grenier-a-sel.com\/wp-content\/uploads\/2025\/06\/appartement-2-le-puy-en-velay-chambre-1024x768.webp 1024w, https:\/\/o-grenier-a-sel.com\/wp-content\/uploads\/2025\/06\/appartement-2-le-puy-en-velay-chambre-300x225.webp 300w, https:\/\/o-grenier-a-sel.com\/wp-content\/uploads\/2025\/06\/appartement-2-le-puy-en-velay-chambre-768x576.webp 768w, https:\/\/o-grenier-a-sel.com\/wp-content\/uploads\/2025\/06\/appartement-2-le-puy-en-velay-chambre-16x12.webp 16w, https:\/\/o-grenier-a-sel.com\/wp-content\/uploads\/2025\/06\/appartement-2-le-puy-en-velay-chambre-780x585.webp 780w, https:\/\/o-grenier-a-sel.com\/wp-content\/uploads\/2025\/06\/appartement-2-le-puy-en-velay-chambre-600x450.webp 600w, https:\/\/o-grenier-a-sel.com\/wp-content\/uploads\/2025\/06\/appartement-2-le-puy-en-velay-chambre-550x413.webp 550w, https:\/\/o-grenier-a-sel.com\/wp-content\/uploads\/2025\/06\/appartement-2-le-puy-en-velay-chambre-370x278.webp 370w, https:\/\/o-grenier-a-sel.com\/wp-content\/uploads\/2025\/06\/appartement-2-le-puy-en-velay-chambre-255x191.webp 255w, https:\/\/o-grenier-a-sel.com\/wp-content\/uploads\/2025\/06\/appartement-2-le-puy-en-velay-chambre.webp 1130w\" sizes=\"(max-width: 1024px) 100vw, 1024px\" \/>\t\t\t\t\t\t\t\t\t\t\t\t\t\t\t<\/div>\n\t\t\t\t<\/div>\n\t\t\t\t\t<\/div>\n\t\t<\/div>\n\t\t\t\t\t<\/div>\n\t\t<\/section>\n\t\t\t\t<section class=\"elementor-section elementor-top-section elementor-element elementor-element-d723423 elementor-reverse-mobile elementor-hidden-desktop elementor-hidden-tablet elementor-hidden-mobile elementor-section-boxed elementor-section-height-default elementor-section-height-default\" data-id=\"d723423\" data-element_type=\"section\" data-e-type=\"section\">\n\t\t\t\t\t\t<div class=\"elementor-container elementor-column-gap-extended\">\n\t\t\t\t\t<div class=\"elementor-column elementor-col-100 elementor-top-column elementor-element elementor-element-20f5fca\" data-id=\"20f5fca\" data-element_type=\"column\" data-e-type=\"column\">\n\t\t\t<div class=\"elementor-widget-wrap elementor-element-populated\">\n\t\t\t\t\t\t<div class=\"elementor-element elementor-element-fa5028d elementor-widget elementor-widget-cs_title\" data-id=\"fa5028d\" data-element_type=\"widget\" data-e-type=\"widget\" data-widget_type=\"cs_title.default\">\n\t\t\t\t<div class=\"elementor-widget-container\">\n\t\t\t\t\t\n        <div class=\"cs-title-wrap text-center\">\t            <h2 class=\"cs-title\">\n\t                R\u00e9servation :\t            <\/h2>\t            <div class=\"cs-title-text\">\n\t                <p>Actuellement, le syst\u00e8me de r\u00e9servation en ligne n&rsquo;est pas encore actif. Pour toute demande de r\u00e9servation, n&rsquo;h\u00e9sitez pas \u00e0 nous contacter via ces informations :<br \/>Email address: <a href=\"mailto:ogrenierasel@gmail.com\">ogrenierasel@gmail.com<\/a><br \/>T\u00e9l\u00e9phone : +33 6 12 93 24 34 &amp; +33 7 83 24 64 20<\/p>\t            <\/div>        <\/div>\t\t\t\t<\/div>\n\t\t\t\t<\/div>\n\t\t\t\t\t<\/div>\n\t\t<\/div>\n\t\t\t\t\t<\/div>\n\t\t<\/section>\n\t\t\t\t<section class=\"elementor-section elementor-top-section elementor-element elementor-element-55b9379 elementor-reverse-mobile elementor-section-boxed elementor-section-height-default elementor-section-height-default\" data-id=\"55b9379\" data-element_type=\"section\" data-e-type=\"section\">\n\t\t\t\t\t\t<div class=\"elementor-container elementor-column-gap-extended\">\n\t\t\t\t\t<div class=\"elementor-column elementor-col-100 elementor-top-column elementor-element elementor-element-68fc3fc\" data-id=\"68fc3fc\" data-element_type=\"column\" data-e-type=\"column\">\n\t\t\t<div class=\"elementor-widget-wrap elementor-element-populated\">\n\t\t\t\t\t\t<div class=\"elementor-element elementor-element-4bf11ae elementor-widget elementor-widget-cs_title\" data-id=\"4bf11ae\" data-element_type=\"widget\" data-e-type=\"widget\" data-no-translation=\"\" data-widget_type=\"cs_title.default\">\n\t\t\t\t<div class=\"elementor-widget-container\">\n\t\t\t\t\t<style>.elementor-element-4bf11ae{display:none !important}<\/style>\t\t\t\t<\/div>\n\t\t\t\t<\/div>\n\t\t\t\t<div class=\"elementor-element elementor-element-2f47f21 elementor-widget elementor-widget-cs_title\" data-id=\"2f47f21\" data-element_type=\"widget\" data-e-type=\"widget\" data-no-translation=\"\" data-widget_type=\"cs_title.default\">\n\t\t\t\t<div class=\"elementor-widget-container\">\n\t\t\t\t\t\n        <div class=\"cs-title-wrap text-center\">\t            <h2 class=\"cs-title\">\n\t                Reservation:\t            <\/h2>\t            <div class=\"cs-title-text\">\n\t                <script type=\"text\/javascript\" src=\"\/\/gadget.open-system.fr\/widgets-libs\/rel\/noyau-1.0.min.js\"><\/script>\n<script type=\"text\/javascript\">\n( function() {\nvar widgetProduit = AllianceReseaux.Widget.Instance( \"Produit\", { idPanier:\"9sn29vY\", idIntegration:1167, langue:\"fr\", ui:\"OSMB-132798-2\" } );\nwidgetProduit.Initialise();\n})();\n<\/script>\n\n<div id=\"widget-produit-OSMB-132798-2\"><\/div>\t            <\/div>        <\/div>\t\t\t\t<\/div>\n\t\t\t\t<\/div>\n\t\t\t\t<div class=\"elementor-element elementor-element-ecf2071 elementor-widget elementor-widget-html\" data-id=\"ecf2071\" data-element_type=\"widget\" data-e-type=\"widget\" data-widget_type=\"html.default\">\n\t\t\t\t<div class=\"elementor-widget-container\">\n\t\t\t\t\t<script>\r\ndocument.addEventListener(\"DOMContentLoaded\", function () {\r\n    function modifyElements() {\r\n        const priceValues = document.querySelectorAll(\".PrixValeur\");\r\n        priceValues.forEach((priceValue) => {\r\n            priceValue.style.setProperty(\"color\", \"black\", \"important\");\r\n        });\r\n\r\n        const btnReservers = document.querySelectorAll(\".BtnReserver\");\r\n        btnReservers.forEach((btn) => {\r\n            applyButtonStyles(btn);\r\n        });\r\n\r\n        const addButtons = document.querySelectorAll(\".BoutonAjouter a\");\r\n        addButtons.forEach((link) => {\r\n            applyButtonStyles(link);\r\n        });\r\n\r\n        const closeElements = document.querySelectorAll(\".close\");\r\n        closeElements.forEach((closeEl) => {\r\n            closeEl.style.setProperty(\r\n                \"background\",\r\n                \"url(https:\/\/gadget.open-system.fr\/widgets\/themes\/api\/mbp-v2\/images\/ico-close.svg) no-repeat scroll right 5px center rgb(171, 145, 108)\",\r\n                \"important\"\r\n            );\r\n        });\r\n\r\n        setTimeout(modifyElements, 500);\r\n    }\r\n\r\n    function applyButtonStyles(button) {\r\n        button.style.setProperty(\"background\", \"#ab916c\", \"important\");\r\n        button.style.setProperty(\"color\", \"white\", \"important\");\r\n        button.style.setProperty(\"font-family\", \"'EB Garamond', serif\", \"important\");\r\n        button.style.setProperty(\"font-size\", \"16px\", \"important\");\r\n        button.style.setProperty(\"text-transform\", \"none\", \"important\");\r\n        button.style.setProperty(\"padding\", \"10px 20px\", \"important\");\r\n        button.style.setProperty(\"border\", \"none\", \"important\");\r\n        button.style.setProperty(\"border-radius\", \"0px\", \"important\");\r\n        button.style.setProperty(\"transition\", \"background-color 0.3s ease\", \"important\");\r\n\r\n        button.addEventListener(\"mouseover\", function () {\r\n            button.style.setProperty(\"background\", \"#aa8b5f\", \"important\");\r\n        });\r\n        button.addEventListener(\"mouseout\", function () {\r\n            button.style.setProperty(\"background\", \"#ab916c\", \"important\");\r\n        });\r\n    }\r\n\r\n    modifyElements();\r\n});\r\n<\/script>\t\t\t\t<\/div>\n\t\t\t\t<\/div>\n\t\t\t\t\t<\/div>\n\t\t<\/div>\n\t\t\t\t\t<\/div>\n\t\t<\/section>\n\t\t\t\t<\/div>","protected":false},"excerpt":{"rendered":"<p>\u00ab\u00a0La jeune fille \u00e0 la perle ? \u00bb \u00ab\u00a0L\u2019art est une visite du temps. \u00bb Ariane Angeloglou Appuyez sur la clenche, poussez la lourde porte ancienne\u2026 et retrouvez-vous plong\u00e9s dans une ambiance feutr\u00e9e du XVIIe revisit\u00e9e. Vous d\u00e9couvrez la partie cuisine, invitant \u00e0 un diner aux chandelles, prolong\u00e9e par l\u2019espace salon. Un tableau inspir\u00e9 de &#8230;<\/p>","protected":false},"author":1,"featured_media":0,"parent":0,"menu_order":0,"comment_status":"closed","ping_status":"closed","template":"template-wide-content.php","meta":{"inline_featured_image":false,"cozystay_single_page_hide_site_header":"","cozystay_single_page_site_header_source":"","cozystay_single_page_custom_site_header":"0","cozystay_single_page_custom_sticky_site_header":"0","cozystay_single_page_hide_page_title":"on","cozystay_single_page_header_section_size":"","cozystay_single_page_header_background_color":"","cozystay_single_page_header_background_position_x":"center","cozystay_single_page_header_background_position_y":"center","cozystay_single_page_header_background_size":"cover","cozystay_single_page_header_background_repeat":"off","cozystay_single_page_header_background_scroll":"on","cozystay_single_page_header_text_color":"","cozystay_single_page_header_show_breadcrumb":"","cozystay_single_page_site_footer_hide_main":"","cozystay_single_custom_site_footer_main_source":"","cozystay_single_custom_site_footer_main":"0","cozystay_single_page_site_footer_hide_above":"","cozystay_single_custom_site_footer_above_source":"","cozystay_single_custom_site_footer_above":"0","cozystay_single_page_site_footer_hide_instagram":"","cozystay_single_page_site_footer_hide_bottom":"","cozystay_single_custom_mobile_menu_source":"","cozystay_single_custom_mobile_menu":"0","cozystay_single_custom_mobile_menu_animation":"","cozystay_single_custom_mobile_menu_width":"","cozystay_single_custom_mobile_menu_custom_width":375,"footnotes":""},"class_list":["post-2995","page","type-page","status-publish","hentry"],"yoast_head":"<!-- This site is optimized with the Yoast SEO plugin v27.4 - https:\/\/yoast.com\/product\/yoast-seo-wordpress\/ -->\n<title>La jeune fille \u00e0 la perle ? - O&#039; grenier \u00e0 Sel<\/title>\n<meta name=\"description\" content=\"Explorez un appartement unique \u00e0 O&#039; Grenier \u00e0 Sel ! Un cadre id\u00e9al pour un s\u00e9jour authentique au c\u0153ur du Puy-en-Velay.\" \/>\n<meta name=\"robots\" content=\"index, follow, max-snippet:-1, max-image-preview:large, max-video-preview:-1\" \/>\n<link rel=\"canonical\" href=\"https:\/\/o-grenier-a-sel.com\/en\/la-jeune-fille-a-la-perle\/\" \/>\n<meta property=\"og:locale\" content=\"en_US\" \/>\n<meta property=\"og:type\" content=\"article\" \/>\n<meta property=\"og:title\" content=\"La jeune fille \u00e0 la perle ? - O&#039; grenier \u00e0 Sel\" \/>\n<meta property=\"og:description\" content=\"Explorez un appartement unique \u00e0 O&#039; Grenier \u00e0 Sel ! Un cadre id\u00e9al pour un s\u00e9jour authentique au c\u0153ur du Puy-en-Velay.\" \/>\n<meta property=\"og:url\" content=\"https:\/\/o-grenier-a-sel.com\/en\/la-jeune-fille-a-la-perle\/\" \/>\n<meta property=\"og:site_name\" content=\"O&#039; grenier \u00e0 Sel\" \/>\n<meta property=\"article:modified_time\" content=\"2026-01-17T21:43:02+00:00\" \/>\n<meta property=\"og:image\" content=\"https:\/\/o-grenier-a-sel.com\/wp-content\/uploads\/2025\/06\/appartement-2-le-puy-en-velay-porte.webp\" \/>\n\t<meta property=\"og:image:width\" content=\"1039\" \/>\n\t<meta property=\"og:image:height\" content=\"1386\" \/>\n\t<meta property=\"og:image:type\" content=\"image\/webp\" \/>\n<meta name=\"twitter:card\" content=\"summary_large_image\" \/>\n<meta name=\"twitter:label1\" content=\"Est. reading time\" \/>\n\t<meta name=\"twitter:data1\" content=\"4 minutes\" \/>\n<script type=\"application\/ld+json\" class=\"yoast-schema-graph\">{\"@context\":\"https:\\\/\\\/schema.org\",\"@graph\":[{\"@type\":\"WebPage\",\"@id\":\"https:\\\/\\\/o-grenier-a-sel.com\\\/la-jeune-fille-a-la-perle\\\/\",\"url\":\"https:\\\/\\\/o-grenier-a-sel.com\\\/la-jeune-fille-a-la-perle\\\/\",\"name\":\"La jeune fille \u00e0 la perle ? - O&#039; grenier \u00e0 Sel\",\"isPartOf\":{\"@id\":\"https:\\\/\\\/o-grenier-a-sel.com\\\/#website\"},\"primaryImageOfPage\":{\"@id\":\"https:\\\/\\\/o-grenier-a-sel.com\\\/la-jeune-fille-a-la-perle\\\/#primaryimage\"},\"image\":{\"@id\":\"https:\\\/\\\/o-grenier-a-sel.com\\\/la-jeune-fille-a-la-perle\\\/#primaryimage\"},\"thumbnailUrl\":\"https:\\\/\\\/o-grenier-a-sel.com\\\/wp-content\\\/uploads\\\/2025\\\/06\\\/appartement-2-le-puy-en-velay-porte-768x1024.webp\",\"datePublished\":\"2025-05-12T12:51:38+00:00\",\"dateModified\":\"2026-01-17T21:43:02+00:00\",\"description\":\"Explorez un appartement unique \u00e0 O' Grenier \u00e0 Sel ! Un cadre id\u00e9al pour un s\u00e9jour authentique au c\u0153ur du Puy-en-Velay.\",\"breadcrumb\":{\"@id\":\"https:\\\/\\\/o-grenier-a-sel.com\\\/la-jeune-fille-a-la-perle\\\/#breadcrumb\"},\"inLanguage\":\"en-US\",\"potentialAction\":[{\"@type\":\"ReadAction\",\"target\":[\"https:\\\/\\\/o-grenier-a-sel.com\\\/la-jeune-fille-a-la-perle\\\/\"]}]},{\"@type\":\"ImageObject\",\"inLanguage\":\"en-US\",\"@id\":\"https:\\\/\\\/o-grenier-a-sel.com\\\/la-jeune-fille-a-la-perle\\\/#primaryimage\",\"url\":\"https:\\\/\\\/o-grenier-a-sel.com\\\/wp-content\\\/uploads\\\/2025\\\/06\\\/appartement-2-le-puy-en-velay-porte-768x1024.webp\",\"contentUrl\":\"https:\\\/\\\/o-grenier-a-sel.com\\\/wp-content\\\/uploads\\\/2025\\\/06\\\/appartement-2-le-puy-en-velay-porte-768x1024.webp\"},{\"@type\":\"BreadcrumbList\",\"@id\":\"https:\\\/\\\/o-grenier-a-sel.com\\\/la-jeune-fille-a-la-perle\\\/#breadcrumb\",\"itemListElement\":[{\"@type\":\"ListItem\",\"position\":1,\"name\":\"Home\",\"item\":\"https:\\\/\\\/o-grenier-a-sel.com\\\/\"},{\"@type\":\"ListItem\",\"position\":2,\"name\":\"La jeune fille \u00e0 la perle ?\"}]},{\"@type\":\"WebSite\",\"@id\":\"https:\\\/\\\/o-grenier-a-sel.com\\\/#website\",\"url\":\"https:\\\/\\\/o-grenier-a-sel.com\\\/\",\"name\":\"O' grenier \u00e0 Sel\",\"description\":\"\",\"publisher\":{\"@id\":\"https:\\\/\\\/o-grenier-a-sel.com\\\/#organization\"},\"potentialAction\":[{\"@type\":\"SearchAction\",\"target\":{\"@type\":\"EntryPoint\",\"urlTemplate\":\"https:\\\/\\\/o-grenier-a-sel.com\\\/?s={search_term_string}\"},\"query-input\":{\"@type\":\"PropertyValueSpecification\",\"valueRequired\":true,\"valueName\":\"search_term_string\"}}],\"inLanguage\":\"en-US\"},{\"@type\":\"Organization\",\"@id\":\"https:\\\/\\\/o-grenier-a-sel.com\\\/#organization\",\"name\":\"O' grenier \u00e0 Sel\",\"url\":\"https:\\\/\\\/o-grenier-a-sel.com\\\/\",\"logo\":{\"@type\":\"ImageObject\",\"inLanguage\":\"en-US\",\"@id\":\"https:\\\/\\\/o-grenier-a-sel.com\\\/#\\\/schema\\\/logo\\\/image\\\/\",\"url\":\"https:\\\/\\\/o-grenier-a-sel.com\\\/wp-content\\\/uploads\\\/2024\\\/12\\\/logo-o-grenier-a-sel-etoiles.svg\",\"contentUrl\":\"https:\\\/\\\/o-grenier-a-sel.com\\\/wp-content\\\/uploads\\\/2024\\\/12\\\/logo-o-grenier-a-sel-etoiles.svg\",\"width\":453,\"height\":181,\"caption\":\"O' grenier \u00e0 Sel\"},\"image\":{\"@id\":\"https:\\\/\\\/o-grenier-a-sel.com\\\/#\\\/schema\\\/logo\\\/image\\\/\"}}]}<\/script>\n<!-- \/ Yoast SEO plugin. -->","yoast_head_json":{"title":"La jeune fille \u00e0 la perle ? - O&#039; grenier \u00e0 Sel","description":"Explorez un appartement unique \u00e0 O' Grenier \u00e0 Sel ! Un cadre id\u00e9al pour un s\u00e9jour authentique au c\u0153ur du Puy-en-Velay.","robots":{"index":"index","follow":"follow","max-snippet":"max-snippet:-1","max-image-preview":"max-image-preview:large","max-video-preview":"max-video-preview:-1"},"canonical":"https:\/\/o-grenier-a-sel.com\/en\/la-jeune-fille-a-la-perle\/","og_locale":"en_US","og_type":"article","og_title":"La jeune fille \u00e0 la perle ? - O&#039; grenier \u00e0 Sel","og_description":"Explorez un appartement unique \u00e0 O' Grenier \u00e0 Sel ! Un cadre id\u00e9al pour un s\u00e9jour authentique au c\u0153ur du Puy-en-Velay.","og_url":"https:\/\/o-grenier-a-sel.com\/en\/la-jeune-fille-a-la-perle\/","og_site_name":"O&#039; grenier \u00e0 Sel","article_modified_time":"2026-01-17T21:43:02+00:00","og_image":[{"width":1039,"height":1386,"url":"https:\/\/o-grenier-a-sel.com\/wp-content\/uploads\/2025\/06\/appartement-2-le-puy-en-velay-porte.webp","type":"image\/webp"}],"twitter_card":"summary_large_image","twitter_misc":{"Est. reading time":"4 minutes"},"schema":{"@context":"https:\/\/schema.org","@graph":[{"@type":"WebPage","@id":"https:\/\/o-grenier-a-sel.com\/la-jeune-fille-a-la-perle\/","url":"https:\/\/o-grenier-a-sel.com\/la-jeune-fille-a-la-perle\/","name":"La jeune fille \u00e0 la perle ? - O&#039; grenier \u00e0 Sel","isPartOf":{"@id":"https:\/\/o-grenier-a-sel.com\/#website"},"primaryImageOfPage":{"@id":"https:\/\/o-grenier-a-sel.com\/la-jeune-fille-a-la-perle\/#primaryimage"},"image":{"@id":"https:\/\/o-grenier-a-sel.com\/la-jeune-fille-a-la-perle\/#primaryimage"},"thumbnailUrl":"https:\/\/o-grenier-a-sel.com\/wp-content\/uploads\/2025\/06\/appartement-2-le-puy-en-velay-porte-768x1024.webp","datePublished":"2025-05-12T12:51:38+00:00","dateModified":"2026-01-17T21:43:02+00:00","description":"Explorez un appartement unique \u00e0 O' Grenier \u00e0 Sel ! Un cadre id\u00e9al pour un s\u00e9jour authentique au c\u0153ur du Puy-en-Velay.","breadcrumb":{"@id":"https:\/\/o-grenier-a-sel.com\/la-jeune-fille-a-la-perle\/#breadcrumb"},"inLanguage":"en-US","potentialAction":[{"@type":"ReadAction","target":["https:\/\/o-grenier-a-sel.com\/la-jeune-fille-a-la-perle\/"]}]},{"@type":"ImageObject","inLanguage":"en-US","@id":"https:\/\/o-grenier-a-sel.com\/la-jeune-fille-a-la-perle\/#primaryimage","url":"https:\/\/o-grenier-a-sel.com\/wp-content\/uploads\/2025\/06\/appartement-2-le-puy-en-velay-porte-768x1024.webp","contentUrl":"https:\/\/o-grenier-a-sel.com\/wp-content\/uploads\/2025\/06\/appartement-2-le-puy-en-velay-porte-768x1024.webp"},{"@type":"BreadcrumbList","@id":"https:\/\/o-grenier-a-sel.com\/la-jeune-fille-a-la-perle\/#breadcrumb","itemListElement":[{"@type":"ListItem","position":1,"name":"Home","item":"https:\/\/o-grenier-a-sel.com\/"},{"@type":"ListItem","position":2,"name":"La jeune fille \u00e0 la perle ?"}]},{"@type":"WebSite","@id":"https:\/\/o-grenier-a-sel.com\/#website","url":"https:\/\/o-grenier-a-sel.com\/","name":"O' grenier \u00e0 Sel","description":"","publisher":{"@id":"https:\/\/o-grenier-a-sel.com\/#organization"},"potentialAction":[{"@type":"SearchAction","target":{"@type":"EntryPoint","urlTemplate":"https:\/\/o-grenier-a-sel.com\/?s={search_term_string}"},"query-input":{"@type":"PropertyValueSpecification","valueRequired":true,"valueName":"search_term_string"}}],"inLanguage":"en-US"},{"@type":"Organization","@id":"https:\/\/o-grenier-a-sel.com\/#organization","name":"O' grenier \u00e0 Sel","url":"https:\/\/o-grenier-a-sel.com\/","logo":{"@type":"ImageObject","inLanguage":"en-US","@id":"https:\/\/o-grenier-a-sel.com\/#\/schema\/logo\/image\/","url":"https:\/\/o-grenier-a-sel.com\/wp-content\/uploads\/2024\/12\/logo-o-grenier-a-sel-etoiles.svg","contentUrl":"https:\/\/o-grenier-a-sel.com\/wp-content\/uploads\/2024\/12\/logo-o-grenier-a-sel-etoiles.svg","width":453,"height":181,"caption":"O' grenier \u00e0 Sel"},"image":{"@id":"https:\/\/o-grenier-a-sel.com\/#\/schema\/logo\/image\/"}}]}},"_links":{"self":[{"href":"https:\/\/o-grenier-a-sel.com\/en\/wp-json\/wp\/v2\/pages\/2995","targetHints":{"allow":["GET"]}}],"collection":[{"href":"https:\/\/o-grenier-a-sel.com\/en\/wp-json\/wp\/v2\/pages"}],"about":[{"href":"https:\/\/o-grenier-a-sel.com\/en\/wp-json\/wp\/v2\/types\/page"}],"author":[{"embeddable":true,"href":"https:\/\/o-grenier-a-sel.com\/en\/wp-json\/wp\/v2\/users\/1"}],"replies":[{"embeddable":true,"href":"https:\/\/o-grenier-a-sel.com\/en\/wp-json\/wp\/v2\/comments?post=2995"}],"version-history":[{"count":38,"href":"https:\/\/o-grenier-a-sel.com\/en\/wp-json\/wp\/v2\/pages\/2995\/revisions"}],"predecessor-version":[{"id":3096,"href":"https:\/\/o-grenier-a-sel.com\/en\/wp-json\/wp\/v2\/pages\/2995\/revisions\/3096"}],"wp:attachment":[{"href":"https:\/\/o-grenier-a-sel.com\/en\/wp-json\/wp\/v2\/media?parent=2995"}],"curies":[{"name":"wp","href":"https:\/\/api.w.org\/{rel}","templated":true}]}}